{"id":5374,"date":"2023-03-16T15:02:03","date_gmt":"2023-03-16T14:02:03","guid":{"rendered":"https:\/\/encyklopedia.mielec.pl\/?page_id=5374"},"modified":"2023-03-16T15:06:03","modified_gmt":"2023-03-16T14:06:03","slug":"bibliografia","status":"publish","type":"page","link":"https:\/\/encyklopedia.mielec.pl\/?page_id=5374","title":{"rendered":"Bibliografia"},"content":{"rendered":"<p><strong>A. \u0179r\u00f3d\u0142a r\u0119kopi\u015bmienne<\/strong><\/p>\r\n<p><!-- \/wp:post-content -->\r\n\r\n<!-- wp:paragraph --><\/p>\r\n<p>Archiwum Cechu Rzemios\u0142 R\u00f3\u017cnych w Mielcu, ksi\u0119gi cechowe.<\/p>\r\n<p><!-- \/wp:paragraph -->\r\n\r\n<!-- wp:paragraph --><\/p>\r\n<p>Archiwum Diecezjalne w Tarnowie, dokumenty r\u00f3\u017cne.<\/p>\r\n<p><!-- \/wp:paragraph -->\r\n\r\n<!-- wp:paragraph --><\/p>\r\n<p>Kroniki parafii rzymskokatolickich, szk\u00f3\u0142, przedszkoli i innych instytucji, organizacji spo\u0142ecznych i stowarzysze\u0144.<\/p>\r\n<p><!-- \/wp:paragraph -->\r\n\r\n<!-- wp:paragraph --><\/p>\r\n<p>Ksi\u0119gi metrykalne parafii \u015bw. Mateusza w Mielcu i parafii Mielec \u2013 Rzoch\u00f3w.<\/p>\r\n<p><!-- \/wp:paragraph -->\r\n\r\n<!-- wp:paragraph --><\/p>\r\n<p>Wojew\u00f3dzkie Archiwum Pa\u0144stwowe w Rzeszowie, Akta miasta Mielca.<\/p>\r\n<p><!-- \/wp:paragraph -->\r\n\r\n<!-- wp:paragraph --><\/p>\r\n<p><strong>B. \u0179r\u00f3d\u0142a drukowane<\/strong><\/p>\r\n<p><!-- \/wp:paragraph -->\r\n\r\n<!-- wp:paragraph --><\/p>\r\n<p>Archiwum I Liceum Og\u00f3lnokszta\u0142c\u0105cego im. S. Konarskiego w Mielcu, dokumenty r\u00f3\u017cne.<\/p>\r\n<p><!-- \/wp:paragraph -->\r\n\r\n<!-- wp:paragraph --><\/p>\r\n<p>Archiwum II Liceum Og\u00f3lnokszta\u0142c\u0105cego im. Miko\u0142aja Kopernika, dokumenty r\u00f3\u017cne.<\/p>\r\n<p><!-- \/wp:paragraph -->\r\n\r\n<!-- wp:paragraph --><\/p>\r\n<p>Archiwum SWAP w Nowym Jorku, dokumenty r\u00f3\u017cne.<\/p>\r\n<p><!-- \/wp:paragraph -->\r\n\r\n<!-- wp:paragraph --><\/p>\r\n<p>Archiwum Urz\u0119du Miejskiego w Mielcu, dokumenty r\u00f3\u017cne.\u00a0<\/p>\r\n<p><!-- \/wp:paragraph -->\r\n\r\n<!-- wp:paragraph --><\/p>\r\n<p>Archiwum WSK \u201ePZL-Mielec\u201d, dokumenty r\u00f3\u017cne.<\/p>\r\n<p><!-- \/wp:paragraph -->\r\n\r\n<!-- wp:paragraph --><\/p>\r\n<p>Archiwum Zespo\u0142u Opieki Zdrowotnej w Mielcu, dokumenty r\u00f3\u017cne.<\/p>\r\n<p><!-- \/wp:paragraph -->\r\n\r\n<!-- wp:paragraph --><\/p>\r\n<p>Archiwum Zespo\u0142u Szk\u00f3\u0142 Og\u00f3lnokszta\u0142c\u0105cych nr 1 w Mielcu, dokumenty r\u00f3\u017cne.<\/p>\r\n<p><!-- \/wp:paragraph -->\r\n\r\n<!-- wp:paragraph --><\/p>\r\n<p>Archiwum Zespo\u0142u Szk\u00f3\u0142 Technicznych w Mielcu, dokumenty r\u00f3\u017cne.<\/p>\r\n<p><!-- \/wp:paragraph -->\r\n\r\n<!-- wp:paragraph --><\/p>\r\n<p>Biuletyn Informacyjny Klubu HDK przy WSK \u201ePZL-Mielec\u201d, opracowanie zespo\u0142owe, Mielec 1995.<\/p>\r\n<p><!-- \/wp:paragraph -->\r\n\r\n<!-- wp:paragraph --><\/p>\r\n<p>Biuletyn Informacyjny Zarz\u0105du Mieleckiej Sp\u00f3\u0142dzielni Mieszkaniowej z okazji 55-lecia dzia\u0142alno\u015bci Sp\u00f3\u0142dzielni, Mielec 2013.<\/p>\r\n<p><!-- \/wp:paragraph -->\r\n\r\n<!-- wp:paragraph --><\/p>\r\n<p>Dokumentacja Wojew\u00f3dzkiego Urz\u0119du Ochrony Zabytk\u00f3w w Przemy\u015blu Delegatura w Tarnobrzegu.<\/p>\r\n<p><!-- \/wp:paragraph -->\r\n\r\n<!-- wp:paragraph --><\/p>\r\n<p>Dokumentacje urz\u0119d\u00f3w, instytucji, partii i ugrupowa\u0144 politycznych, organizacji spo\u0142ecznych i stowarzysze\u0144 w Mielcu.<\/p>\r\n<p><!-- \/wp:paragraph -->\r\n\r\n<!-- wp:paragraph --><\/p>\r\n<p>Dokumenty Polskiego Zwi\u0105zku By\u0142ych Wi\u0119\u017ani\u00f3w Politycznych Hitlerowskich Wi\u0119zie\u0144 i Oboz\u00f3w Koncentracyjnych \u2013 Ko\u0142o Gniezno.<\/p>\r\n<p><!-- \/wp:paragraph -->\r\n\r\n<!-- wp:paragraph --><\/p>\r\n<p>Kronika Obrony Cywilnej Miasta Mielca (1975-1979).<\/p>\r\n<p><!-- \/wp:paragraph -->\r\n\r\n<!-- wp:paragraph --><\/p>\r\n<p>Kronika Powiatowej Poradni Kulturalno-O\u015bwiatowej w Mielcu (1971-1975).<\/p>\r\n<p><!-- \/wp:paragraph -->\r\n\r\n<!-- wp:paragraph --><\/p>\r\n<p>Ksi\u0119ga Zas\u0142u\u017conych dla Miasta Mielca (1979-1989).<\/p>\r\n<p><!-- \/wp:paragraph -->\r\n\r\n<!-- wp:paragraph --><\/p>\r\n<p>Ksi\u0119gi zgon\u00f3w Urz\u0119du Stanu Cywilnego w Mielcu.<\/p>\r\n<p><!-- \/wp:paragraph -->\r\n\r\n<!-- wp:paragraph --><\/p>\r\n<p>Roczniki statystyczne wojew\u00f3dztwa podkarpackiego (1998-2012).<\/p>\r\n<p><!-- \/wp:paragraph -->\r\n\r\n<!-- wp:paragraph --><\/p>\r\n<p>Roczniki statystyczne wojew\u00f3dztwa rzeszowskiego (do 1997).<\/p>\r\n<p><!-- \/wp:paragraph -->\r\n\r\n<!-- wp:paragraph --><\/p>\r\n<p>Royal Air Force Pilot&#8217;s Flying Log Book Jaszczak M.<\/p>\r\n<p><!-- \/wp:paragraph -->\r\n\r\n<!-- wp:paragraph --><\/p>\r\n<p>Schematyzmy Diecezji Tarnowskiej (do 2013).<\/p>\r\n<p><!-- \/wp:paragraph -->\r\n\r\n<!-- wp:paragraph --><\/p>\r\n<p>Szematyzmy Galicji i Lodomerii (ze zmianami w tytule), lata 1820-1914.<\/p>\r\n<p><!-- \/wp:paragraph -->\r\n\r\n<!-- wp:paragraph --><\/p>\r\n<p>Ustawa z dnia 8 marca 1990 r. o samorz\u0105dzie gminnym (tekst jednolity Dz. U. Nr 13 z 1996 r. z p\u00f3\u017aniejszymi zmianami).<\/p>\r\n<p><!-- \/wp:paragraph -->\r\n\r\n<!-- wp:paragraph --><\/p>\r\n<p>Zbiory Muzeum Regionalnego w Mielcu, dokumenty r\u00f3\u017cne.<\/p>\r\n<p><!-- \/wp:paragraph -->\r\n\r\n<!-- wp:paragraph --><\/p>\r\n<p>Zbiory prywatne, dokumenty r\u00f3\u017cne.<\/p>\r\n<p><!-- \/wp:paragraph -->\r\n\r\n<!-- wp:paragraph --><\/p>\r\n<p><strong>C. Opracowania<\/strong><\/p>\r\n<p><!-- \/wp:paragraph -->\r\n\r\n<!-- wp:paragraph --><\/p>\r\n<p>Adamski Piotr, Z dziej\u00f3w pracy o\u015bwiatowej na terenie powiatu mieleckiego za okupacji<\/p>\r\n<p><!-- \/wp:paragraph -->\r\n\r\n<!-- wp:paragraph --><\/p>\r\n<p>hitlerowskiej, Rocznik Komisji Nauk Pedagogicznych t. 1, 1961.<\/p>\r\n<p><!-- \/wp:paragraph -->\r\n\r\n<!-- wp:paragraph --><\/p>\r\n<p>Album dziesi\u0119ciolecia lotnictwa polskiego, oprac. zbiorowe, Pozna\u0144 1930.<\/p>\r\n<p><!-- \/wp:paragraph -->\r\n\r\n<!-- wp:paragraph --><\/p>\r\n<p>Baran Adam F., Tarnobrzeg. Szkice z dziej\u00f3w miasta i jego obywateli, Tarnobrzeg 2012.<\/p>\r\n<p><!-- \/wp:paragraph -->\r\n\r\n<!-- wp:paragraph --><\/p>\r\n<p>Biografie nauczycieli dzia\u0142aczy Zwi\u0105zku Nauczycielstwa Polskiego wojew\u00f3dztwa podkarpackiego, opracowanie zbiorowe pod red. Stanis\u0142awa Rusnarczyka, cz. I, Rzesz\u00f3w 2005, cz. II, Rzesz\u00f3w 2006.<\/p>\r\n<p><!-- \/wp:paragraph -->\r\n\r\n<!-- wp:paragraph --><\/p>\r\n<p>Biuletyn G\u0142\u00f3wnej Komisji Badania Zbrodni Przeciwko Narodowi Polskiemu Instytutu Pami\u0119ci Narodowej, t. XXXIII, Warszawa 1991.<\/p>\r\n<p><!-- \/wp:paragraph -->\r\n\r\n<!-- wp:paragraph --><\/p>\r\n<p>Biuletyn Okr\u0119gowej Izby Lekarskiej Nr 3\/98\/2002, s. 14-15.<\/p>\r\n<p><!-- \/wp:paragraph -->\r\n\r\n<!-- wp:paragraph --><\/p>\r\n<p>Boniecki Adam, Herbarz Polski, t. II, Warszawa 1900.<\/p>\r\n<p><!-- \/wp:paragraph -->\r\n\r\n<!-- wp:paragraph --><\/p>\r\n<p>Bonusiak W., Buszko J. (red.), Galicja i jej dziedzictwo, t. 1. Historia i polityka. Rzesz\u00f3w 1994.<\/p>\r\n<p><!-- \/wp:paragraph -->\r\n\r\n<!-- wp:paragraph --><\/p>\r\n<p>Brekiesz Stanis\u0142aw, Lokacja Mielca w \u015bwietle aktu lokacyjnego z 1470 r., Prace humanistyczne RTPN, Rzesz\u00f3w 1975.<\/p>\r\n<p><!-- \/wp:paragraph -->\r\n\r\n<!-- wp:paragraph --><\/p>\r\n<p>Brekiesz Stanis\u0142aw, Mielec a Krak\u00f3w. Zarys stosunk\u00f3w gospodarczych, kulturalnych i spo\u0142ecznych w okresie Polski przedrozbiorowej, Prace Humanistyczne Towarzystwa Naukowego w Rzeszowie, seria I, z. 17, Rzesz\u00f3w 1980.<\/p>\r\n<p><!-- \/wp:paragraph -->\r\n\r\n<!-- wp:paragraph --><\/p>\r\n<p>Brzezi\u0144ski Marcin, Tarnowscy z Chorzelowa i Malinia, w: Leliwici. Biuletyn wydany przez Zwi\u0105zek Rodu Tarnowskich, wyd. nr 8, XI 2004.<\/p>\r\n<p><!-- \/wp:paragraph -->\r\n\r\n<!-- wp:paragraph --><\/p>\r\n<p>Buszko J., Polacy w parlamencie wiede\u0144skim 1848-1918. Warszawa 1996.<\/p>\r\n<p><!-- \/wp:paragraph -->\r\n\r\n<!-- wp:paragraph --><\/p>\r\n<p>Chmielewski F., \u201eKwadrans\u201d na Rakowieckiej 1948-1956, Warszawa 1991.<\/p>\r\n<p><!-- \/wp:paragraph -->\r\n\r\n<!-- wp:paragraph --><\/p>\r\n<p>Cholewianka-Kruszy\u0144ska Aldona, Kazimierz i Juliusz Wierci\u0144scy Malarskie pasje \u0142a\u0144cuckich oficjalist\u00f3w, \u0141a\u0144cut 2013.<\/p>\r\n<p><!-- \/wp:paragraph -->\r\n\r\n<!-- wp:paragraph --><\/p>\r\n<p>Ciejka Ma\u0142gorzata, Zaloty\u0144ska Magdalena, kopernik.mielec.pl II Liceum Og\u00f3lnokszta\u0142c\u0105ce im. Miko\u0142aja Kopernika w Mielcu 2003-2013, Krak\u00f3w 2013.<\/p>\r\n<p><!-- \/wp:paragraph -->\r\n\r\n<!-- wp:paragraph --><\/p>\r\n<p>Cygan \u00a0W., Dzia\u0142ania wojenne na Nowogr\u00f3dczy\u017anie, Wile\u0144szczy\u017anie i Grodzie\u0144szczy\u017anie po 17.09.1939, \u201eWojskowy Przegl\u0105d Historyczny\u201d, 1989, nr 1-2.<\/p>\r\n<p><!-- \/wp:paragraph -->\r\n\r\n<!-- wp:paragraph --><\/p>\r\n<p>40 lat Szko\u0142y Podstawowej nr 6 im. \u017bwirki i Wigury w Mielcu 1962-2002, opracowanie zbiorowe, Mielec 2002.<\/p>\r\n<p><!-- \/wp:paragraph -->\r\n\r\n<!-- wp:paragraph --><\/p>\r\n<p>Dalecki Ryszard, Armia \u201eKarpaty\u201d w wojnie obronnej 1939 r., Rzesz\u00f3w 1989.<\/p>\r\n<p><!-- \/wp:paragraph -->\r\n\r\n<!-- wp:paragraph --><\/p>\r\n<p>Dorobek miasta Mielca w XX-leciu P.R.L. 1944-1964, opracowanie zbiorowe, Mielec \u00a0 1964.<\/p>\r\n<p><!-- \/wp:paragraph -->\r\n\r\n<!-- wp:paragraph --><\/p>\r\n<p>Dramat Mielca. T\u0142o ekonomiczno-spo\u0142eczne. Warunki \u017cycia rodzin. Ludno\u015b\u0107 Mielca w statystykach, opracowanie zbiorowe pod redakcj\u0105 Katarzyny M. Boruckiej, \u0141\u00f3d\u017a 1994.<\/p>\r\n<p><!-- \/wp:paragraph -->\r\n\r\n<!-- wp:paragraph --><\/p>\r\n<p>Dzieje lokalne po\u015br\u00f3d wydarze\u0144 i proces\u00f3w historycznych, Materia\u0142y z sesji naukowej zorganizowanej pod patronatem honorowym Uniwersytetu Jagiello\u0144skiego, wydane z okazji 550. rocznicy zezwolenia kr\u00f3lewskiego na za\u0142o\u017cenie miasta Mielca, redakcja: Krzysztof Hapta\u015b, Mielec 2007.<\/p>\r\n<p><!-- \/wp:paragraph -->\r\n\r\n<!-- wp:paragraph --><\/p>\r\n<p>XXV lat wymiaru sprawiedliwo\u015bci PRL, oprac. zbiorowe pod red. Stanis\u0142awa Jab\u0142o\u0144skiego, Warszawa 1969.<\/p>\r\n<p><!-- \/wp:paragraph -->\r\n\r\n<!-- wp:paragraph --><\/p>\r\n<p>25 lat Klubu Sportowego \u201eSokolica\u201d, oprac. zbiorowe, Kro\u015bcienko-Szczawnica 1978.<\/p>\r\n<p><!-- \/wp:paragraph -->\r\n\r\n<!-- wp:paragraph --><\/p>\r\n<p>25 lat parafii pw. Tr\u00f3jcy Przenaj\u015bwi\u0119tszej w Mielcu, red. Zofia Stachowicz, Mielec 2012.<\/p>\r\n<p><!-- \/wp:paragraph -->\r\n\r\n<!-- wp:paragraph --><\/p>\r\n<p>Dwie dekady \u201eDziewi\u0105tki\u201d, opracowanie zbiorowe pod redakcj\u0105 Krystyny Gargas-G\u0105siewskiej, Mielec 2005.<\/p>\r\n<p><!-- \/wp:paragraph -->\r\n\r\n<!-- wp:paragraph --><\/p>\r\n<p>Dworzaczek W\u0142odzimierz, Genealogia, cz. II, Tablice, Warszawa 1959.<\/p>\r\n<p><!-- \/wp:paragraph -->\r\n\r\n<!-- wp:paragraph --><\/p>\r\n<p>Dziemianowicz Wojciech, Hausner Jerzy, Szlachta Jacek, Restrukturyzacja o\u015brodk\u00f3w monokulturowych na przyk\u0142adzie Mielca, Instytut Bada\u0144 nad Gospodark\u0105 Rynkow\u0105, Warszawa 2000.\u00a0<\/p>\r\n<p><!-- \/wp:paragraph -->\r\n\r\n<!-- wp:paragraph --><\/p>\r\n<p>Dziesi\u0119\u0107 lat do\u015bwiadcze\u0144 pierwszej polskiej specjalnej strefy ekonomicznej Mielec 1995-2005, opracowanie zbiorowe pod red. Doma\u0144skiego Boles\u0142awa i Gwosdza Krzysztofa, Krak\u00f3w-Mielec 2005.<\/p>\r\n<p><!-- \/wp:paragraph -->\r\n\r\n<!-- wp:paragraph --><\/p>\r\n<p>10 lat Szko\u0142y Podstawowej nr 13 w Mielcu, opracowanie zbiorowe, Mielec 2000.<\/p>\r\n<p><!-- \/wp:paragraph -->\r\n\r\n<!-- wp:paragraph --><\/p>\r\n<p>Encyklopedia Gazety Wyborczej, opracowanie zbiorowe.<\/p>\r\n<p><!-- \/wp:paragraph -->\r\n\r\n<!-- wp:paragraph --><\/p>\r\n<p>Encyklopedia katolicka, opracowanie zbiorowe, Lublin 2002.<\/p>\r\n<p><!-- \/wp:paragraph -->\r\n\r\n<!-- wp:paragraph --><\/p>\r\n<p>Encyklopedia Krakowa, opracowanie zbiorowe, Warszawa-Krak\u00f3w 2000.<\/p>\r\n<p><!-- \/wp:paragraph -->\r\n\r\n<!-- wp:paragraph --><\/p>\r\n<p>Encyklopedia muzyki, opracowanie zbiorowe pod red. Andrzeja Chodkowskiego, Warszawa 1995.<\/p>\r\n<p><!-- \/wp:paragraph -->\r\n\r\n<!-- wp:paragraph --><\/p>\r\n<p>Encyklopedia pi\u0142karska FUJI, tom 25 &#8211; O tytu\u0142 Mistrza Polski 1920-2000, opracowanie zespo\u0142owe pod redakcj\u0105 Andrzeja Gowarzewskiego, Katowice 2000.\u00a0<\/p>\r\n<p><!-- \/wp:paragraph -->\r\n\r\n<!-- wp:paragraph --><\/p>\r\n<p>Encyklopedia Powszechna PWN, Warszawa 1974.<\/p>\r\n<p><!-- \/wp:paragraph -->\r\n\r\n<!-- wp:paragraph --><\/p>\r\n<p>Encyklopedia (Statystyczna) Polskiej Lekkiej Atletyki, opracowanie zespo\u0142owe, Warszawa 1994.<\/p>\r\n<p><!-- \/wp:paragraph -->\r\n\r\n<!-- wp:paragraph --><\/p>\r\n<p>Encyklopedia Szczecina, t.II, s. 72, Szczecin 2000.<\/p>\r\n<p><!-- \/wp:paragraph -->\r\n\r\n<!-- wp:paragraph --><\/p>\r\n<p>Filipowicz Jan, Kosiorowski Andrzej, Przez cztery dziesi\u0119ciolecia z Fabrycznym Klubem Sportowym \u201ePZL-Stal\u201d Mielec 1939 \u2013 1979.<\/p>\r\n<p><!-- \/wp:paragraph -->\r\n\r\n<!-- wp:paragraph --><\/p>\r\n<p>Florek Marek, Pradzieje i wczesne \u015bredniowiecze Mielca i regionu, Mielec 2004.<\/p>\r\n<p><!-- \/wp:paragraph -->\r\n\r\n<!-- wp:paragraph --><\/p>\r\n<p>Furmaniak Stefan, Grochot Jerzy, Paj\u0105k Witold, 40 lat Aeroklubu Mieleckiego, Mielec 1986.<\/p>\r\n<p><!-- \/wp:paragraph -->\r\n\r\n<!-- wp:paragraph --><\/p>\r\n<p>Gajowiec Bogumi\u0142a, Podolscy, Mielec 2001.<\/p>\r\n<p><!-- \/wp:paragraph -->\r\n\r\n<!-- wp:paragraph --><\/p>\r\n<p>Gargas-G\u0105siewska Krystyna, P\u0119dzlem pi\u00f3rem pasj\u0105. Katalog tw\u00f3rc\u00f3w i animator\u00f3w kultury Ziemi Mieleckiej, Mielec 2007.<\/p>\r\n<p><!-- \/wp:paragraph -->\r\n\r\n<!-- wp:paragraph --><\/p>\r\n<p>G\u0105siewski W\u0142odzimierz, Ludzie i miejsca pami\u0119ci gminy Mielec, Chorzel\u00f3w 2015.<\/p>\r\n<p><!-- \/wp:paragraph -->\r\n\r\n<!-- wp:paragraph --><\/p>\r\n<p>G\u0105siewski W\u0142odzimierz, Od \u201e\u0141osia\u201d do \u201eBlack Hawka\u201d. 70 lat przemys\u0142u lotniczego w Mielcu, Mielec 2008.<\/p>\r\n<p><!-- \/wp:paragraph -->\r\n\r\n<!-- wp:paragraph --><\/p>\r\n<p>G\u0105siewski W\u0142odzimierz, Mielecka gimnazjalna lista katy\u0144ska, Mielec 2010.<\/p>\r\n<p><!-- \/wp:paragraph -->\r\n\r\n<!-- wp:paragraph --><\/p>\r\n<p>Gilewicz Aleksy, Stosunki pieni\u0119\u017cne w Galicji w latach 1772-1914, Przemy\u015bl 1958<\/p>\r\n<p><!-- \/wp:paragraph -->\r\n\r\n<!-- wp:paragraph --><\/p>\r\n<p>Gmina Padew Narodowa, praca zbiorowa pod redakcj\u0105 J\u00f3zefa Witka, Padew Narodowa 2000.<\/p>\r\n<p><!-- \/wp:paragraph -->\r\n\r\n<!-- wp:paragraph --><\/p>\r\n<p>Go\u0142\u0105bek Tomasz (ks.), Parafia pod wezwaniem Matki Bo\u017cej Nieustaj\u0105cej Pomocy w Mielcu (1947-1997), praca magisterska, Tarn\u00f3w 2003.<\/p>\r\n<p><!-- \/wp:paragraph -->\r\n\r\n<!-- wp:paragraph --><\/p>\r\n<p>Gorczyca Wojciech, Fabryczny Klub Sportowy \u201ePZL-Stal\u201d Mielec, Mielec 1982.<\/p>\r\n<p><!-- \/wp:paragraph -->\r\n\r\n<!-- wp:paragraph --><\/p>\r\n<p>Gorczyca Wojciech, Morytko W\u0142adys\u0142aw, Szymczak Marek, 50 lat Fabrycznego Klubu Sportowego PZL-Stal Mielec. 500. mecz w I lidze pi\u0142ki no\u017cnej, Mielec 1989.<\/p>\r\n<p><!-- \/wp:paragraph -->\r\n\r\n<!-- wp:paragraph --><\/p>\r\n<p>Gowarzewski Andrzej, Bia\u0142o-czerwoni. Pi\u0142karska reprezentacja Polski 1919-2001, Katowice 2001.<\/p>\r\n<p><!-- \/wp:paragraph -->\r\n\r\n<!-- wp:paragraph --><\/p>\r\n<p>G\u00f3rniczy Klub Sportowy \u201eGryf\u201d 1909-1969, oprac. W\u0142adys\u0142aw Witek, Mielec 1969.<\/p>\r\n<p><!-- \/wp:paragraph -->\r\n\r\n<!-- wp:paragraph --><\/p>\r\n<p>Graniczkowski Marek Stanis\u0142aw, Michocki Edward, Mieleckie skrzyd\u0142a, Mielec 2003.<\/p>\r\n<p><!-- \/wp:paragraph -->\r\n\r\n<!-- wp:paragraph --><\/p>\r\n<p>Grochot Jerzy, Paj\u0105k Witold, Wytw\u00f3rnia Sprz\u0119tu Komunikacyjnego \u201ePZL-Mielec\u201d Historia-Dorobek-Perspektywy 1938 \u2013 1978, Mielec 1978.<\/p>\r\n<p><!-- \/wp:paragraph -->\r\n\r\n<!-- wp:paragraph --><\/p>\r\n<p>Grodziski S., Sejm Krajowy Galicyjski 1861-1914.\u0179r\u00f3dla, Warszawa 1993.<\/p>\r\n<p><!-- \/wp:paragraph -->\r\n\r\n<!-- wp:paragraph --><\/p>\r\n<p>Grygiel Robert, Uprawnienia organ\u00f3w administracji w zakresie stanu cywilnego, praca magisterska.<\/p>\r\n<p><!-- \/wp:paragraph -->\r\n\r\n<!-- wp:paragraph --><\/p>\r\n<p>Halisz Janusz, Krempa Andrzej, Mielec 1939-1945. Tajemnice militarne i historie wojenne, Mielec 2019.<\/p>\r\n<p><!-- \/wp:paragraph -->\r\n\r\n<!-- wp:paragraph --><\/p>\r\n<p>Hapta\u015b Krzysztof, Walenty Dzia\u0142owski (1848-1918) Rzemie\u015blnik. Powstaniec styczniowy. Ojciec rodziny, Mielec 2013.<\/p>\r\n<p><!-- \/wp:paragraph -->\r\n\r\n<!-- wp:paragraph --><\/p>\r\n<p>Indeks represjonowanych, O\u015brodek KARTA, tom I \u2013 Rozstrzelani w Katyniu, opracowanie zbiorowe pod red. Marii Skrzy\u0144skiej-P\u0142awi\u0144skiej, Warszawa 1995, tom II \u2013 Rozstrzelani w Charkowie, opracowanie zbiorowe pod red. Marii Skrzy\u0144skiej-P\u0142awi\u0144skiej, Warszawa 1996, tom III \u2013 Rozstrzelani w Twerze, opracowanie zbiorowe pod red. Marii Skrzy\u0144skiej-P\u0142awi\u0144skiej, Warszawa 1997, tom VI \u2013 Aresztowani w rejonie Lwowa i Drohobycza, opracowanie zbiorowe pod red. Agnieszki Knyt, Warszawa 1998.<\/p>\r\n<p><!-- \/wp:paragraph -->\r\n\r\n<!-- wp:paragraph --><\/p>\r\n<p>Informator Filozofii Polskiej, Tom XL, pod red. Jacka Ja\u015btala, Sebastiana Ko\u0142odziejczyka i Jacka Rabusa, Krak\u00f3w 2004.<\/p>\r\n<p><!-- \/wp:paragraph -->\r\n\r\n<!-- wp:paragraph --><\/p>\r\n<p>Jacewicz Wiktor ks., Wo\u015b Jan ks., Martyrologium polskiego duchowie\u0144stwa rzymskokatolickiego pod okupacja hitlerowsk\u0105 w latach 1939-1945, z. IV, Warszawa 1978.<\/p>\r\n<p><!-- \/wp:paragraph -->\r\n\r\n<!-- wp:paragraph --><\/p>\r\n<p>\u201eJadern\u00f3wka\u201d \u2013 muzeum mieleckiej fotografii, opracowanie zbiorowe pod red. Jerzego Skrzypczaka, Mielec 2011.\u00a0<\/p>\r\n<p><!-- \/wp:paragraph -->\r\n\r\n<!-- wp:paragraph --><\/p>\r\n<p>Jednodni\u00f3wka Komitetu Obchod\u00f3w 500-lecia Mielca, Mielec 1957.<\/p>\r\n<p><!-- \/wp:paragraph -->\r\n\r\n<!-- wp:paragraph --><\/p>\r\n<p>Jubileusz 5-lecia. Biuletyn Mieleckiego Uniwersytetu Trzeciego Wieku, Czop Feliks, Wa\u0142ek-Ostolska Krystyna, Bieniek Gra\u017cyna, Mielec 2012.<\/p>\r\n<p><!-- \/wp:paragraph -->\r\n\r\n<!-- wp:paragraph --><\/p>\r\n<p>Judyccy Agata i Zbigniew, W s\u0142u\u017cbie Bogu i \u015bwiatu, S\u0142ownik biograficzny, Toru\u0144 2002.<\/p>\r\n<p><!-- \/wp:paragraph -->\r\n\r\n<!-- wp:paragraph --><\/p>\r\n<p>Kapinos Miros\u0142aw, Mys\u0142ek Agnieszka, Szczurek Aurelia, P\u00f3\u0142 wieku przy \u017beromskiego \u2013 50 lat Szko\u0142y Podstawowej nr 3 im. Wojska Polskiego w Mielcu, Mielec 2007.<\/p>\r\n<p><!-- \/wp:paragraph -->\r\n\r\n<!-- wp:paragraph --><\/p>\r\n<p>Katalog Firm EURO-PARK MIELEC, opracowanie zespo\u0142owe, Mielec 2003.<\/p>\r\n<p><!-- \/wp:paragraph -->\r\n\r\n<!-- wp:paragraph --><\/p>\r\n<p>Katalog zabytk\u00f3w sztuki, wojew\u00f3dztwo rzeszowskie, Kolbuszowa, Mielec i okolice , pod red. Ewy \u015anie\u017cy\u0144skiej-Stolotowej i Franciszka Stolota.\u00a0<\/p>\r\n<p><!-- \/wp:paragraph -->\r\n\r\n<!-- wp:paragraph --><\/p>\r\n<p>Kazana Jerzy, Krzysztofik Jacek, W pocie czo\u0142a. Represjonowani z przyczyn politycznych, Mielec 2002.<\/p>\r\n<p><!-- \/wp:paragraph -->\r\n\r\n<!-- wp:paragraph --><\/p>\r\n<p>Kempi\u0144ska Anna, Rzeszowiacy Zesp\u00f3\u0142 Pie\u015bni i Ta\u0144ca SCK, Mielec 2002.<\/p>\r\n<p><!-- \/wp:paragraph -->\r\n\r\n<!-- wp:paragraph --><\/p>\r\n<p>Kieniewicz St. (opr.), Galicja w dobie autonomicznej 1850-1914, Wroc\u0142aw 1952.<\/p>\r\n<p><!-- \/wp:paragraph -->\r\n\r\n<!-- wp:paragraph --><\/p>\r\n<p>Kisiel Jan, Nowakiewicz Jan, Kmieciak Barbara, W 92. rocznic\u0119 powstania Zwi\u0105zku Inwalid\u00f3w Wojennych RP, Jaros\u0142aw 2011.<\/p>\r\n<p><!-- \/wp:paragraph -->\r\n\r\n<!-- wp:paragraph --><\/p>\r\n<p>Klementowski Jerzy, Wo\u017aniak Marek, 40 lat dzia\u0142alno\u015bci Ko\u0142a nr 38 Polskiego Zwi\u0105zku Filatelist\u00f3w w Mielcu 1964-2004, Mielec 2004.<\/p>\r\n<p><!-- \/wp:paragraph -->\r\n\r\n<!-- wp:paragraph --><\/p>\r\n<p>Kosiorowski Andrzej, 45 lat rzeszowskiej pi\u0142ki siatkowej 1945-1990, Rzesz\u00f3w 1990.<\/p>\r\n<p><!-- \/wp:paragraph -->\r\n\r\n<!-- wp:paragraph --><\/p>\r\n<p>Kowal Stanis\u0142aw, 40-lecie Polskiego Towarzystwa Lekarskiego Ko\u0142o w Mielcu, Mielec 1993.<\/p>\r\n<p><!-- \/wp:paragraph -->\r\n\r\n<!-- wp:paragraph --><\/p>\r\n<p>Kozak Zygmunt, Liga Obrony Powietrznej Pa\u0144stwa, w: Polska Zbrojna, 11-13 I 1994.<\/p>\r\n<p><!-- \/wp:paragraph -->\r\n\r\n<!-- wp:paragraph --><\/p>\r\n<p>Krempa Andrzej, Zag\u0142ada \u017byd\u00f3w mieleckich, Mielec 2012.<\/p>\r\n<p><!-- \/wp:paragraph -->\r\n\r\n<!-- wp:paragraph --><\/p>\r\n<p>Kr\u0119\u017cel Janusz, Dzieje skautingu \u2013 harcerstwa w Mielcu 1911-1939, Mielec 2006.<\/p>\r\n<p><!-- \/wp:paragraph -->\r\n\r\n<!-- wp:paragraph --><\/p>\r\n<p>Kr\u0119\u017cel Janusz, Konspiracja harcerzy i harcerek na terenie Mielca 1939-1945, Tarn\u00f3w-Mielec 1992.<\/p>\r\n<p><!-- \/wp:paragraph -->\r\n\r\n<!-- wp:paragraph --><\/p>\r\n<p>Kr\u0119\u017cel Janusz, Szare Szeregi na Rzeszowszczy\u017anie, Mielec-Rzesz\u00f3w-Krak\u00f3w 1987.<\/p>\r\n<p><!-- \/wp:paragraph -->\r\n\r\n<!-- wp:paragraph --><\/p>\r\n<p>Kr\u0119\u017cel Janusz, Szare Szeregi na terenie po\u0142udniowo-wschodniej Polski, tom 1, Konspiracja harcerek 1939-1945, Tarn\u00f3w 1996.<\/p>\r\n<p><!-- \/wp:paragraph -->\r\n\r\n<!-- wp:paragraph --><\/p>\r\n<p>Kr\u0119\u017cel Janusz, Szare Szeregi na terenie po\u0142udniowo-wschodniej Polski, tom 2, Konspiracja harcerzy 1939-1945, Tarn\u00f3w 1996.<\/p>\r\n<p><!-- \/wp:paragraph -->\r\n\r\n<!-- wp:paragraph --><\/p>\r\n<p>Kronika Polski, praca zbiorowa pod redakcj\u0105 Andrzeja Nowaka, Krak\u00f3w 1998.<\/p>\r\n<p><!-- \/wp:paragraph -->\r\n\r\n<!-- wp:paragraph --><\/p>\r\n<p>Kruszy\u0144ski Grzegorz, Kruszy\u0144ska Joanna, Informator o organizacjach pozarz\u0105dowych dzia\u0142aj\u0105cych na terenie wojew\u00f3dztwa podkarpackiego, Mielec 2006.<\/p>\r\n<p><!-- \/wp:paragraph -->\r\n\r\n<!-- wp:paragraph --><\/p>\r\n<p>Kru\u017cel Alicja, Przybyszewski Andrzej, Wilk Aleksander, J\u00f3zef Gorlach patron Szko\u0142y Podstawowej w Rudzie, Ruda 2003.<\/p>\r\n<p><!-- \/wp:paragraph -->\r\n\r\n<!-- wp:paragraph --><\/p>\r\n<p>Kryczy\u0144ski Stanis\u0142aw, Schola Mielecensis, Sprawozdanie Gimnazjum w Mielcu za rok 1930\/1931, Mielec 1931.<\/p>\r\n<p><!-- \/wp:paragraph -->\r\n\r\n<!-- wp:paragraph --><\/p>\r\n<p>Krze\u015bniak-Firlej Dorota, Firlej Waldemar, Komisja Edukacji Narodowej (1773-1794) w 240. rocznic\u0119 utworzenia KEN.<\/p>\r\n<p><!-- \/wp:paragraph -->\r\n\r\n<!-- wp:paragraph --><\/p>\r\n<p>Ksi\u0119ga Jubileuszowa \u201ePolitechnika \u0141\u00f3dzka 1945-1995\u201d.<\/p>\r\n<p><!-- \/wp:paragraph -->\r\n\r\n<!-- wp:paragraph --><\/p>\r\n<p>Ksi\u0119ga Jubileuszowa 100 rocznicy powstania Gimnazjum i Liceum w Mielcu 1905-2005, opracowanie zbiorowe pod red. Jerzego Skrzypczaka, Mielec 2005.<\/p>\r\n<p><!-- \/wp:paragraph -->\r\n\r\n<!-- wp:paragraph --><\/p>\r\n<p>Ksi\u0119ga pami\u0105tkowe Pa\u0144stwowego Gimnazjum i Liceum w Rybniku 1922-1947, oprac. zbiorowe, Rybnik 1947.<\/p>\r\n<p><!-- \/wp:paragraph -->\r\n\r\n<!-- wp:paragraph --><\/p>\r\n<p>Kto by\u0142 kim w Drugiej Rzeczypospolitej, redakcja naukowa Jacek M. Majchrowski, Polska Oficyna Wydawnicza \u201eBGW\u201d, Warszawa 1994.\u00a0<\/p>\r\n<p><!-- \/wp:paragraph -->\r\n\r\n<!-- wp:paragraph --><\/p>\r\n<p>Kto jest kim w Polsce, Informator biograficzny, Warszawa 1984.<\/p>\r\n<p><!-- \/wp:paragraph -->\r\n\r\n<!-- wp:paragraph --><\/p>\r\n<p>Kuczy\u0144ski Jan Konstanty, Stowarzyszenie Polskich Kombatant\u00f3w, Pozna\u0144 1996. \u00a0<\/p>\r\n<p><!-- \/wp:paragraph -->\r\n\r\n<!-- wp:paragraph --><\/p>\r\n<p>Kunisz Andrzej, Udzia\u0142 ziemi tarnowskiej w powstaniu styczniowym, Krak\u00f3w 1990.<\/p>\r\n<p><!-- \/wp:paragraph -->\r\n\r\n<!-- wp:paragraph --><\/p>\r\n<p>Lechowicz Jerzy, Zwi\u0105zek Ochotniczych Stra\u017cy Po\u017carnych RP. Rys historyczny i dzia\u0142alno\u015b\u0107 na terenie powiatu mieleckiego, Mielec 2006.<\/p>\r\n<p><!-- \/wp:paragraph -->\r\n\r\n<!-- wp:paragraph --><\/p>\r\n<p>Leksykon finansowo-bankowy, opracowanie zbiorowe, Warszawa 1991.<\/p>\r\n<p><!-- \/wp:paragraph -->\r\n\r\n<!-- wp:paragraph --><\/p>\r\n<p>Leksykon matematyk\u00f3w polskich<\/p>\r\n<p><!-- \/wp:paragraph -->\r\n\r\n<!-- wp:paragraph --><\/p>\r\n<p>Leksykon nauczycieli i wychowank\u00f3w I LO w Rzeszowie.<\/p>\r\n<p><!-- \/wp:paragraph -->\r\n\r\n<!-- wp:paragraph --><\/p>\r\n<p>Le\u015bniak Jerzy i inni, Encyklopedia S\u0105decka, Nowy S\u0105cz 2000.<\/p>\r\n<p><!-- \/wp:paragraph -->\r\n\r\n<!-- wp:paragraph --><\/p>\r\n<p>Liceum Medyczne w Mielcu 1962-1998, opracowanie zbiorowe, Mielec 1998.<\/p>\r\n<p><!-- \/wp:paragraph -->\r\n\r\n<!-- wp:paragraph --><\/p>\r\n<p>Lokalny plan ograniczania skutk\u00f3w powodzi i profilaktyki powodziowej, oprac. zbiorowe, Starostwo Powiatowe w Mielcu, Mielec 2001.<\/p>\r\n<p><!-- \/wp:paragraph -->\r\n\r\n<!-- wp:paragraph --><\/p>\r\n<p>Lubczy\u0144ski Mariusz, Wykazy pos\u0142\u00f3w sejmowych z lat 1507-1512, w: Kwartalnik Historyczny, Rocznik CXXII, 2015.<\/p>\r\n<p><!-- \/wp:paragraph -->\r\n\r\n<!-- wp:paragraph --><\/p>\r\n<p>Lwow Borys, Absolwenci i jubilaci 1945-1957 po Wydziale In\u017cynierii Oddziale Wodnym i Wydziale Budownictwa Wodnego Wydzia\u0142\u00f3w In\u017cynieryjnych A.G. i Politechniki Krakowskiej, Krak\u00f3w 1996.<\/p>\r\n<p><!-- \/wp:paragraph -->\r\n\r\n<!-- wp:paragraph --><\/p>\r\n<p>\u0141abuz Marek (ks.), Parafia Mi\u0142osierdzia Bo\u017cego w Tarnowie, Tarn\u00f3w 2006.<\/p>\r\n<p><!-- \/wp:paragraph -->\r\n\r\n<!-- wp:paragraph --><\/p>\r\n<p>\u0141\u0105tka Jerzy S., Pan na Gromniku. Zapomniany galicyjski pozytywista Edward Dzwonkowski, Krak\u00f3w 1999.<\/p>\r\n<p><!-- \/wp:paragraph -->\r\n\r\n<!-- wp:paragraph --><\/p>\r\n<p>\u0141ukaszy\u0144ski W\u0142adys\u0142aw, Zarys dziej\u00f3w weterynarii ziemi rzeszowskiej w latach 1871- \u00a0 \u00a02000, Rzesz\u00f3w 2003.<\/p>\r\n<p><!-- \/wp:paragraph -->\r\n\r\n<!-- wp:paragraph --><\/p>\r\n<p>Maci\u0105ga Miros\u0142aw, Zarys dziej\u00f3w rzemios\u0142a cechowego w Mielcu, T. I , 1470-1939, Mielec 1991.\u00a0<\/p>\r\n<p><!-- \/wp:paragraph -->\r\n\r\n<!-- wp:paragraph --><\/p>\r\n<p>Maci\u0105ga Miros\u0142aw, Zarys dziej\u00f3w rzemios\u0142a cechowego w Mielcu, T. II, 1939-1989, Mielec 1993.\u00a0<\/p>\r\n<p><!-- \/wp:paragraph -->\r\n\r\n<!-- wp:paragraph --><\/p>\r\n<p>Magda Jan, Dzieje Ochotniczej Stra\u017cy Po\u017carnej w Mielcu 1868-1987, Mielec 1987.<\/p>\r\n<p><!-- \/wp:paragraph -->\r\n\r\n<!-- wp:paragraph --><\/p>\r\n<p>Magda Jan, Dzieje sp\u00f3\u0142dzielczo\u015bci pracy w Mielcu w latach 1945 \u2013 1996, Mielec 1996.<\/p>\r\n<p><!-- \/wp:paragraph -->\r\n\r\n<!-- wp:paragraph --><\/p>\r\n<p>Mapa glebowo \u2013 rolnicza w skali 1 : 5000, obiekt: Mielec miasto, WBGiUR Rzesz\u00f3w.<\/p>\r\n<p><!-- \/wp:paragraph -->\r\n\r\n<!-- wp:paragraph --><\/p>\r\n<p>Mazurek Lucjan, Szteliga Lidia, Zawada Tadeusz, Szpital Powiatowy w Mielcu, Mielec 1999.<\/p>\r\n<p><!-- \/wp:paragraph -->\r\n\r\n<!-- wp:paragraph --><\/p>\r\n<p>Michocki Edward, Suplement do wystawy dokumentalno-historycznej w 55 rocznic\u0119 tragedii katy\u0144skiej Katy\u0144 1940, Mielec 1995.\u00a0<\/p>\r\n<p><!-- \/wp:paragraph -->\r\n\r\n<!-- wp:paragraph --><\/p>\r\n<p>Mici\u0144ska Magdalena, Ksi\u0105dz Ludwik Ruczka (1814-1896) Proboszcz Kolbuszowej, opiekun sybirak\u00f3w z 1863 roku, polityk galicyjski, Warszawa 2015.<\/p>\r\n<p><!-- \/wp:paragraph -->\r\n\r\n<!-- wp:paragraph --><\/p>\r\n<p>Mielczanin, wydawnictwo okoliczno\u015bciowe Urz\u0119du Miejskiego w Mielcu, Mielec 1995-2006.<\/p>\r\n<p><!-- \/wp:paragraph -->\r\n\r\n<!-- wp:paragraph --><\/p>\r\n<p>Mieleczanin, Jednodni\u00f3wka Akademickiego Ko\u0142a Mieleczan we Lwowie, Sekcji Zrzeszenia Akademickiej M\u0142odzie\u017cy Prowincjonalnej, Lw\u00f3w 1933.\u00a0<\/p>\r\n<p><!-- \/wp:paragraph -->\r\n\r\n<!-- wp:paragraph --><\/p>\r\n<p>Mielec. Dzieje miasta i regionu, opracowanie zbiorowe pod redakcj\u0105 Feliksa Kiryka, t. 1, Mielec 1984.<\/p>\r\n<p><!-- \/wp:paragraph -->\r\n\r\n<!-- wp:paragraph --><\/p>\r\n<p>Mielec. Studia i materia\u0142y z dziej\u00f3w miasta i regionu, opracowanie zbiorowe pod redakcj\u0105 Feliksa Kiryka, t. 2, Mielec 1988 i t. 3, Mielec 1994.<\/p>\r\n<p><!-- \/wp:paragraph -->\r\n\r\n<!-- wp:paragraph --><\/p>\r\n<p>Mielec i powiat mielecki w latach 1944-1956, opracowanie zbiorowe pod redakcj\u0105 Zbigniewa Nawrockiego i Jerzego Skrzypczaka, Mielec 2005.<\/p>\r\n<p><!-- \/wp:paragraph -->\r\n\r\n<!-- wp:paragraph --><\/p>\r\n<p>Mieleckie Zapiski, opracowanie zespo\u0142owe pod kierownictwem Jacka Krzysztofika, nr 1 \u2013 Mielec 1998, nr 2 \u2013 Mielec1999, nr 3-4 \u2013 Mielec 2000-2001, nr 5-6 \u2013 Mielec 2002-2003, nr 7-8 \u2013 Mielec 2004-2005.<\/p>\r\n<p><!-- \/wp:paragraph -->\r\n\r\n<!-- wp:paragraph --><\/p>\r\n<p>Mieleckie Zapiski. Rocznik Ziemi Mieleckiej, opracowanie zbiorowe pod redakcj\u0105 W\u0142odzimierza G\u0105siewskiego, nr 9-11 \u2013 Mielec 2009, nr 12-13 \u2013 Mielec 2010, nr 14 \u2013 Mielec 2011, nr 15-16 \u2013 Mielec 2013.<\/p>\r\n<p><!-- \/wp:paragraph -->\r\n\r\n<!-- wp:paragraph --><\/p>\r\n<p>Mi\u015b Anna, Jan \u015al\u00f3sarek 1871-1936. Nauczyciel i dzia\u0142acz spo\u0142eczny, Mielec 2008.<\/p>\r\n<p><!-- \/wp:paragraph -->\r\n\r\n<!-- wp:paragraph --><\/p>\r\n<p>Momot Henryk, Halisz Janusz, Mielec \u2013 \u015aladami starej fotografii, Suplement do wystawy dokumentalno-historycznej ze zbior\u00f3w Muzeum Regionalnego, Mielec 1996.<\/p>\r\n<p><!-- \/wp:paragraph -->\r\n\r\n<!-- wp:paragraph --><\/p>\r\n<p>Momot Henryk, Momot Dariusz, \u00a0Cmentarz parafialny przy ulicy Sienkiewicza w Mielcu, Mielec 2001.<\/p>\r\n<p><!-- \/wp:paragraph -->\r\n\r\n<!-- wp:paragraph --><\/p>\r\n<p>Monografia Szko\u0142y Podstawowej nr 6 im. \u017bwirki i Wigury w Mielcu 1962-2012, opracowanie zbiorowe, Mielec 2012.<\/p>\r\n<p><!-- \/wp:paragraph -->\r\n\r\n<!-- wp:paragraph --><\/p>\r\n<p>Monografia Zjazd\u00f3w Kole\u017ce\u0144skich Absolwent\u00f3w Gimnazjum i Liceum im. Stanis\u0142awa Konarskiego w Mielcu, opracowanie zbiorowe, Mielec 1988.<\/p>\r\n<p><!-- \/wp:paragraph -->\r\n\r\n<!-- wp:paragraph --><\/p>\r\n<p>Monticolo Lidia, Witek J\u00f3zef, Powszechna Sp\u00f3\u0142dzielnia Spo\u017cywc\u00f3w \u201eSpo\u0142em\u201d w Mielcu, Mielec 1990.<\/p>\r\n<p><!-- \/wp:paragraph -->\r\n\r\n<!-- wp:paragraph --><\/p>\r\n<p>Mroczka Wojciech, Nale\u015bnictwo Kolbuszowa\u00a0 Dzieje le\u015bnictwa w dorzeczu Przyrwy i Zyzogi, Kolbuszowa &#8211; Rzesz\u00f3w 2017<\/p>\r\n<p><!-- \/wp:paragraph -->\r\n\r\n<!-- wp:paragraph --><\/p>\r\n<p>Muzeum regionalne i sala kr\u00f3lewska w Mielcu, Mielec 1971.<\/p>\r\n<p><!-- \/wp:paragraph -->\r\n\r\n<!-- wp:paragraph --><\/p>\r\n<p>Nasza droga, jednodni\u00f3wka, 1939-1946, Tarn\u00f3w 1 XI 1946 r.<\/p>\r\n<p><!-- \/wp:paragraph -->\r\n\r\n<!-- wp:paragraph --><\/p>\r\n<p>Nauka polska i jej osi\u0105gni\u0119cia, praca zbiorowa, w: Biblioteka Problem\u00f3w, Warszawa 1975.<\/p>\r\n<p><!-- \/wp:paragraph -->\r\n\r\n<!-- wp:paragraph --><\/p>\r\n<p>Niesiecki Kasper S.J., Herbarz Polski, Lipsk 1841.<\/p>\r\n<p><!-- \/wp:paragraph -->\r\n\r\n<!-- wp:paragraph --><\/p>\r\n<p>Nowak Adam (ks.), Ks. Jan Pyzikiewicz (1901-1943) \u2013 wi\u0119zie\u0144 O\u015bwi\u0119cimia, Tarn\u00f3w 2004.<\/p>\r\n<p><!-- \/wp:paragraph -->\r\n\r\n<!-- wp:paragraph --><\/p>\r\n<p>Nowak Adam (ks.), S\u0142ownik biograficzny kap\u0142an\u00f3w diecezji tarnowskiej 1786-1985, tom I &#8211; Tarn\u00f3w 1999, tom II \u2013 Tarn\u00f3w 2000, tom III \u2013 Tarn\u00f3w 2001, tom IV \u2013 Tarn\u00f3w 2004.<\/p>\r\n<p><!-- \/wp:paragraph -->\r\n\r\n<!-- wp:paragraph --><\/p>\r\n<p>Oliszkiewicz-Kryczy\u0144ski Stanis\u0142aw, Rodzina mielecka \u2013 Szkic heraldyczno-genealogiczny, r\u0119kopis, 1930.<\/p>\r\n<p><!-- \/wp:paragraph -->\r\n\r\n<!-- wp:paragraph --><\/p>\r\n<p>Or\u0142owicz M., Ilustrowany przewodnik po Galicji, Lw\u00f3w 1914.<\/p>\r\n<p><!-- \/wp:paragraph -->\r\n\r\n<!-- wp:paragraph --><\/p>\r\n<p>Ostrowski Stefan, Pami\u0119tnik \u2013 Odyseja lotnicza, Mielec 2006.<\/p>\r\n<p><!-- \/wp:paragraph -->\r\n\r\n<!-- wp:paragraph --><\/p>\r\n<p>Paprocki Bartosz, Herby Rycerstwa Polskiego, Krak\u00f3w 1858.<\/p>\r\n<p><!-- \/wp:paragraph -->\r\n\r\n<!-- wp:paragraph --><\/p>\r\n<p>Pasiecznik Jan OFM, Teresa Izabela Morsztyn\u00f3wna 1680-1698, Sandomierz 1998.<\/p>\r\n<p><!-- \/wp:paragraph -->\r\n\r\n<!-- wp:paragraph --><\/p>\r\n<p>Pi\u0119tnastolecie L. O. P. P., praca zbiorowa, Warszawa 1938.<\/p>\r\n<p><!-- \/wp:paragraph -->\r\n\r\n<!-- wp:paragraph --><\/p>\r\n<p>Poczet Szlachty Galicyjskiej i Bukowi\u0144skiej, Lw\u00f3w 1857.<\/p>\r\n<p><!-- \/wp:paragraph -->\r\n\r\n<!-- wp:paragraph --><\/p>\r\n<p>Podkarpacki Biuletyn Konserwatorski, t. IV, cz.I, Przemy\u015bl 2016.<\/p>\r\n<p><!-- \/wp:paragraph -->\r\n\r\n<!-- wp:paragraph --><\/p>\r\n<p>Polska Technika Lotnicza, Materia\u0142y Historyczne 10 (3\/2005), Warszawa 2005.<\/p>\r\n<p><!-- \/wp:paragraph -->\r\n\r\n<!-- wp:paragraph --><\/p>\r\n<p>Polski S\u0142ownik Bibliograficzny, opracowanie zbiorowe.<\/p>\r\n<p><!-- \/wp:paragraph -->\r\n\r\n<!-- wp:paragraph --><\/p>\r\n<p>Polskie lotnictwo sportowe, opracowanie zbiorowe, Krak\u00f3w 1986.<\/p>\r\n<p><!-- \/wp:paragraph -->\r\n\r\n<!-- wp:paragraph --><\/p>\r\n<p>Pospieszy\u0144ski Ryszard, Po\u0142amanym farwatrem. Monografia rocznika 1945-1948 Pa\u0144stwowej Szko\u0142y Morskiej w Gdyni i Szczecinie, Gdynia-Szczecin 1995.<\/p>\r\n<p><!-- \/wp:paragraph -->\r\n\r\n<!-- wp:paragraph --><\/p>\r\n<p>Powiat mielecki w XXX-leciu PRL, opracowanie zespo\u0142owe, pod redakcj\u0105 Jana Kapinosa, Jana Mycka i Witolda Paj\u0105ka, Mielec 1974.<\/p>\r\n<p><!-- \/wp:paragraph -->\r\n\r\n<!-- wp:paragraph --><\/p>\r\n<p>Profesorowie Politechniki \u0141\u00f3dzkiej 1945-2005, red. Ewa Chojnacka, Zbigniew Piotrowski, Ryszard Przybylski, \u0141\u00f3d\u017a 2006.<\/p>\r\n<p><!-- \/wp:paragraph -->\r\n\r\n<!-- wp:paragraph --><\/p>\r\n<p>Przybyli\u0144ski Ryszard, Hetman wielki koronny Miko\u0142aj Mielecki (ok. 1540-1585), Toru\u0144 2002.<\/p>\r\n<p><!-- \/wp:paragraph -->\r\n\r\n<!-- wp:paragraph --><\/p>\r\n<p>Quirini Eugenjusz, Librewski Stanis\u0142aw, Ilustrowana kronika Legjon\u00f3w Polskich 1914-1918, Warszawa 1936.<\/p>\r\n<p><!-- \/wp:paragraph -->\r\n\r\n<!-- wp:paragraph --><\/p>\r\n<p>Raport o stanie Gminy Miejskiej Mielec: 2018 r., 2019 r.<\/p>\r\n<p><!-- \/wp:paragraph -->\r\n\r\n<!-- wp:paragraph --><\/p>\r\n<p>Reczek Teresa, Prajsnar Teresa, Ocena i obserwowane zmiany jako\u015bci w\u00f3d rzeki Wis\u0142oki w 2001 roku wg kryteri\u00f3w krajowych oraz wg norm Unii Europejskiej, Tarn\u00f3w 2002 (biuletyn).<\/p>\r\n<p><!-- \/wp:paragraph -->\r\n\r\n<!-- wp:paragraph --><\/p>\r\n<p>Rocznik Kolbuszowski, opracowanie zbiorowe pod redakcj\u0105 ks. S\u0142awomira Zycha, numer X \u2013 Kolbuszowa 2010.<\/p>\r\n<p><!-- \/wp:paragraph -->\r\n\r\n<!-- wp:paragraph --><\/p>\r\n<p>Rocznik Komisji Nauk Pedagogicznych, Materia\u0142y do dziej\u00f3w o\u015bwiaty w okresie okupacji hitlerowskiej (1939-1945) na terenie dystryktu krakowskiego, Wroc\u0142aw-Warszawa-Krak\u00f3w 1961.<\/p>\r\n<p><!-- \/wp:paragraph -->\r\n\r\n<!-- wp:paragraph --><\/p>\r\n<p>Rocznik Mielecki, opracowanie zbiorowe pod redakcj\u0105 Jerzego Skrzypczaka, tom I \u2013 Mielec 1998, tom II \u2013 Mielec 1999, tom III \u2013 Mielec 2000, tom IV \u2013 Mielec 2001, tom V \u2013 Mielec 2002, tom VI \u2013 Mielec 2004, tom VII-VIII \u2013 Mielec 2006, tom IX \u2013 Mielec 2007, tom X-XI \u2013 Mielec 2008, tom XII-XIII \u2013 Mielec 2010, tom XIV-XV \u2013 Mielec 2012.<\/p>\r\n<p><!-- \/wp:paragraph -->\r\n\r\n<!-- wp:paragraph --><\/p>\r\n<p>Rocznik Ziemi Mieleckiej, opracowanie zespo\u0142owe pod redakcj\u0105 W\u0142adys\u0142awa Witka, Mielec 1971.<\/p>\r\n<p><!-- \/wp:paragraph -->\r\n\r\n<!-- wp:paragraph --><\/p>\r\n<p>Rocznik Ziemi Mieleckiej, Z dziej\u00f3w bibliotek, nauki i kultury ziemi mieleckiej, opracowanie zespo\u0142owe pod redakcj\u0105 W\u0142adys\u0142awa Witka, Mielec 1974.<\/p>\r\n<p><!-- \/wp:paragraph -->\r\n\r\n<!-- wp:paragraph --><\/p>\r\n<p>Rojkowicz Ma\u0142gorzata, Hoszowska Ma\u0142gorzata, Madej Wies\u0142aw, Lotnicza duma Mielca, Mielec 2013.<\/p>\r\n<p><!-- \/wp:paragraph -->\r\n\r\n<!-- wp:paragraph --><\/p>\r\n<p>Rosja a Katy\u0144, opracowanie zbiorowe, O\u015brodek KARTA, Warszawa 2010.<\/p>\r\n<p><!-- \/wp:paragraph -->\r\n\r\n<!-- wp:paragraph --><\/p>\r\n<p>Rospond Stanis\u0142aw, S\u0142ownik etymologiczny miast i gmin PRL, Wroc\u0142aw 1984.<\/p>\r\n<p><!-- \/wp:paragraph -->\r\n\r\n<!-- wp:paragraph --><\/p>\r\n<p>Rowi\u0144ski Robert S., Polskie agrolotnictwo, Olsztyn 2003.<\/p>\r\n<p><!-- \/wp:paragraph -->\r\n\r\n<!-- wp:paragraph --><\/p>\r\n<p>Rozstrzelani w Katyniu, opracowanie zbiorowe pod red. Marii Skrzy\u0144skiej-P\u0142awi\u0144skiej, O\u015brodek KARTA, Warszawa 1995.<\/p>\r\n<p><!-- \/wp:paragraph -->\r\n\r\n<!-- wp:paragraph --><\/p>\r\n<p>Rozw\u00f3j przedsi\u0119biorczo\u015bci w regionie mieleckim. Historia i wsp\u00f3\u0142czesno\u015b\u0107, opracowanie zbiorowe pod red. Jerzego Skrzypczaka, Mielec 2004.<\/p>\r\n<p><!-- \/wp:paragraph -->\r\n\r\n<!-- wp:paragraph --><\/p>\r\n<p>Rze\u017aba Mielec \u2013 69, opracowanie zbiorowe, Warszawa 1970.<\/p>\r\n<p><!-- \/wp:paragraph -->\r\n\r\n<!-- wp:paragraph --><\/p>\r\n<p>70 lat mieleckiego szpitalnictwa, opracowanie zbiorowe, koordynator Aneta Dyka-Urba\u0144ska, Mielec 2009.\u00a0<\/p>\r\n<p><!-- \/wp:paragraph -->\r\n\r\n<!-- wp:paragraph --><\/p>\r\n<p>Skrzypczak Jerzy, Idea i czyn, Drogi Mielczan do niepodleg\u0142o\u015bci, Mielec 2003.\u00a0<\/p>\r\n<p><!-- \/wp:paragraph -->\r\n\r\n<!-- wp:paragraph --><\/p>\r\n<p>Skrzypczak Jerzy, Ko\u0142o \u0141owieckie &#8222;\u0141o\u015b&#8221; w Mielcu 1948-2018, Mielec 2018.<\/p>\r\n<p><!-- \/wp:paragraph -->\r\n\r\n<!-- wp:paragraph --><\/p>\r\n<p>Skrzypczak Jerzy, Na drodze do wolno\u015bci. Mielczanie w walce o niepodleg\u0142o\u015b\u0107 Polski 1907-1918, Mielec 2008.<\/p>\r\n<p><!-- \/wp:paragraph -->\r\n\r\n<!-- wp:paragraph --><\/p>\r\n<p>Skrzypczak Jerzy, Nierozstrzelana pami\u0119\u0107 Mielecki S\u0142ownik Katy\u0144ski, Mielec 2015, wyd. II poszerzone, Mielec 2020.<\/p>\r\n<p><!-- \/wp:paragraph -->\r\n\r\n<!-- wp:paragraph --><\/p>\r\n<p>Skrzypczak Jerzy, Pa\u0142acyk Oborskich w Mielcu, Mielec 2004, Mielec 2019.<\/p>\r\n<p><!-- \/wp:paragraph -->\r\n\r\n<!-- wp:paragraph --><\/p>\r\n<p>Skrzypczak Jerzy, Policja w Mielcu 1919-2019, Mielec 2020.<\/p>\r\n<p><!-- \/wp:paragraph -->\r\n\r\n<!-- wp:paragraph --><\/p>\r\n<p>Skrzypczak Jerzy, Rok 1920. Mielczanie w wojnie polsko-bolszewickiej, Mielec 2010.<\/p>\r\n<p><!-- \/wp:paragraph -->\r\n\r\n<!-- wp:paragraph --><\/p>\r\n<p>S\u0142ownik artyst\u00f3w polskich i obcych w Polsce dzia\u0142aj\u0105cych, opracowanie zespo\u0142owe PAN, Wroc\u0142aw-Warszawa-Krak\u00f3w-Gda\u0144sk 1975.<\/p>\r\n<p><!-- \/wp:paragraph -->\r\n\r\n<!-- wp:paragraph --><\/p>\r\n<p>S\u0142ownik biograficzny archiwist\u00f3w polskich, tom III 1835-2015, Warszawa 2017.<\/p>\r\n<p><!-- \/wp:paragraph -->\r\n\r\n<!-- wp:paragraph --><\/p>\r\n<p>S\u0142ownik biograficzny dzia\u0142aczy ruchu ludowego, opracowanie zespo\u0142owe, Warszawa 1989.<\/p>\r\n<p><!-- \/wp:paragraph -->\r\n\r\n<!-- wp:paragraph --><\/p>\r\n<p>S\u0142ownik biograficzny miasta Lublina, pod red. Tadeusza Radzika, Adama A. Witusika i Jana Zi\u00f3\u0142ki, t.2, Lublin 1996.<\/p>\r\n<p><!-- \/wp:paragraph -->\r\n\r\n<!-- wp:paragraph --><\/p>\r\n<p>S\u0142ownik biograficzny technik\u00f3w polskich, zeszyt 12, oprac. zbior. NOT FSNT, Warszawa 2001\u00a0<\/p>\r\n<p><!-- \/wp:paragraph -->\r\n\r\n<!-- wp:paragraph --><\/p>\r\n<p>S\u0142ownik polskich pionier\u00f3w techniki, praca zbiorowa pod redakcj\u0105 Boles\u0142awa Or\u0142owskiego, Katowice 1984.<\/p>\r\n<p><!-- \/wp:paragraph -->\r\n\r\n<!-- wp:paragraph --><\/p>\r\n<p>Sok\u00f3\u0142 Jan \u201eSkrzyd\u0142o\u201d, Konspiracja nad Wis\u0142\u0105 i Sanem (1939-1944), LSW 1967.<\/p>\r\n<p><!-- \/wp:paragraph -->\r\n\r\n<!-- wp:paragraph --><\/p>\r\n<p>Spis fachowych pracownik\u00f3w s\u0142u\u017cby zdrowia, opracowanie zbiorowe, Warszawa 1961.<\/p>\r\n<p><!-- \/wp:paragraph -->\r\n\r\n<!-- wp:paragraph --><\/p>\r\n<p>Sprawozdania dyrekcji Pa\u0144stwowego Gimnazjum im. St. Konarskiego w Mielcu (do 1932).<\/p>\r\n<p><!-- \/wp:paragraph -->\r\n\r\n<!-- wp:paragraph --><\/p>\r\n<p>Sprawozdanie dyrekcji I Liceum Og\u00f3lnokszta\u0142c\u0105cego im. St. Konarskiego w Mielcu za lata 2006-2010, opracowanie zbiorowe pod redakcj\u0105: Ewy Chajda\u015b, Elwiry Przewo\u017anik i Gra\u017cyny Starzyk, Mielec 2010. \u00a0<\/p>\r\n<p><!-- \/wp:paragraph -->\r\n\r\n<!-- wp:paragraph --><\/p>\r\n<p>Sprawozdania Towarzystwa Prywatnego Seminarium Nauczycielskiego \u017be\u0144skiego im. E. Plater\u00f3wny za czas 1913-1930, Mielec 1931.<\/p>\r\n<p><!-- \/wp:paragraph -->\r\n\r\n<!-- wp:paragraph --><\/p>\r\n<p>Stachura Zdzis\u0142aw, 60 lat Ko\u0142a \u0141owieckiego \u201ePonowa\u201d Chorzel\u00f3w 1947-2007, Chorzel\u00f3w 2007.<\/p>\r\n<p><!-- \/wp:paragraph -->\r\n\r\n<!-- wp:paragraph --><\/p>\r\n<p>Stachura Zdzis\u0142aw, Z\u017bWP Ko\u0142o nr 1 w Mielcu im. Bojownik\u00f3w Ziemi Mieleckiej 1981-2011, Mielec 2011. \u00a0<\/p>\r\n<p><!-- \/wp:paragraph -->\r\n\r\n<!-- wp:paragraph --><\/p>\r\n<p>Stala J\u00f3zef (ks.), Komo\u0144ski Szczepan, Borowa \u2013 Moja Ma\u0142a Ojczyzna, tom II, \u00a0 \u00a0 \u00a0 \u00a0 Duchowie\u0144stwo, Borowa 2001.\u00a0<\/p>\r\n<p><!-- \/wp:paragraph -->\r\n\r\n<!-- wp:paragraph --><\/p>\r\n<p>Stan obecny i planowanie rozwoju gospodarki wodnej w dorzeczu g\u00f3rnej Wis\u0142y, opracowanie zbiorowe, Krak\u00f3w 2001.<\/p>\r\n<p><!-- \/wp:paragraph -->\r\n\r\n<!-- wp:paragraph --><\/p>\r\n<p>St\u0119pie\u0144 Jan, 15-lecie Klubu \u015arodowisk Tw\u00f3rczych TMZM \u201eImpresje\u201d, Mielec 1996.<\/p>\r\n<p><!-- \/wp:paragraph -->\r\n\r\n<!-- wp:paragraph --><\/p>\r\n<p>110 Jahre Mainzer Schwimmverein 1901-2011, Mainz 2011.<\/p>\r\n<p><!-- \/wp:paragraph -->\r\n\r\n<!-- wp:paragraph --><\/p>\r\n<p>Stowarzyszenie Polskich Kombatant\u00f3w w Kraju, Zarz\u0105d G\u0142\u00f3wny, Warszawa 2005.<\/p>\r\n<p><!-- \/wp:paragraph -->\r\n\r\n<!-- wp:paragraph --><\/p>\r\n<p>Strategia rozwoju spo\u0142eczno-gospodarczego miasta Mielca na lata 2007-2015 z prognoz\u0105 do roku 2020, opracowanie: Tarnowska Fundacja Kultury, Mielec 2007.<\/p>\r\n<p><!-- \/wp:paragraph -->\r\n\r\n<!-- wp:paragraph --><\/p>\r\n<p>Szafer Tadeusz, Pami\u0119tniki stryja mego Mieczys\u0142awa, maszynopis, Pozna\u0144 1967.<\/p>\r\n<p><!-- \/wp:paragraph -->\r\n\r\n<!-- wp:paragraph --><\/p>\r\n<p>Sza\u0142ajko Krystyna, Ludmi\u0142a Flagorowska (1942-2012) w: Benedictus, nr 19(65), Tyniec-Olsztyn, kwiecie\u0144 2012. \u00a0<\/p>\r\n<p><!-- \/wp:paragraph -->\r\n\r\n<!-- wp:paragraph --><\/p>\r\n<p>Szcze\u015bniak Andrzej Leszek, Katy\u0144. Lista ofiar i zaginionych je\u0144c\u00f3w oboz\u00f3w Kozielsk, Ostaszk\u00f3w, Starobielsk, Warszawa 1989.<\/p>\r\n<p><!-- \/wp:paragraph -->\r\n\r\n<!-- wp:paragraph --><\/p>\r\n<p>Szepty duszy. Wystawa Jubileuszowa 30-lecia dzia\u0142alno\u015bci Klubu \u015arodowisk Tw\u00f3rczych przy TMZM w Mielcu, oprac. B\u0142a\u017ck\u00f3w Maria, Klaus Jadwiga, Teresa El\u017cbieta Pyzik, Mielec 2011.<\/p>\r\n<p><!-- \/wp:paragraph -->\r\n\r\n<!-- wp:paragraph --><\/p>\r\n<p>Szymankiewicz Felicjan, Przyczynek do historii Wydzia\u0142u Mechanizacji Rolnictwa Politechniki Wroc\u0142awskiej, Wroc\u0142aw 2004.<\/p>\r\n<p><!-- \/wp:paragraph -->\r\n\r\n<!-- wp:paragraph --><\/p>\r\n<p>Szyma\u0144ski J\u00f3zef, Kapitu\u0142a kolegiacka w Wojniczu 1465-1786, Lublin 1962.<\/p>\r\n<p><!-- \/wp:paragraph -->\r\n\r\n<!-- wp:paragraph --><\/p>\r\n<p>\u015aliwa Franciszek, Godni pami\u0119ci. Zas\u0142u\u017ceni dzia\u0142acze Ruchu Ludowego Ziemi Mieleckiej, Mielec 2000.<\/p>\r\n<p><!-- \/wp:paragraph -->\r\n\r\n<!-- wp:paragraph --><\/p>\r\n<p>Talarek Kazimierz (ks.), Parafia Chorzel\u00f3w 1326-2008. Miejsce kultu Matki Bo\u017cej Chorzelowskiej Kr\u00f3lowej Rodzin, Tarn\u00f3w 2008.<\/p>\r\n<p><!-- \/wp:paragraph -->\r\n\r\n<!-- wp:paragraph --><\/p>\r\n<p>Tarnobrzeskie zeszyty historyczne, nr 2\/91, Ksi\u0119ga ewidencyjna wi\u0119\u017ani\u00f3w CKW Wronki 1\/125\/49.<\/p>\r\n<p><!-- \/wp:paragraph -->\r\n\r\n<!-- wp:paragraph --><\/p>\r\n<p>Terlaga Jan (ks.), Pami\u0119tnik I Zjazdu Kole\u017ce\u0144skiego w 20-lecie matury gimnazjalnej, Krak\u00f3w 1935.,<\/p>\r\n<p><!-- \/wp:paragraph -->\r\n\r\n<!-- wp:paragraph --><\/p>\r\n<p>Tyrowicz M., Dzwonkowski Edward, w: PSB, t. VI\/2<\/p>\r\n<p><!-- \/wp:paragraph -->\r\n\r\n<!-- wp:paragraph --><\/p>\r\n<p>30 lat FKS \u201eStal\u201d Mielec, opracowanie zespo\u0142owe pod redakcj\u0105 Jana Filipowicza, Mielec 1970.<\/p>\r\n<p><!-- \/wp:paragraph -->\r\n\r\n<!-- wp:paragraph --><\/p>\r\n<p>30 lat Klubu Honorowych Dawc\u00f3w Krwi im. Juliana Aleksandrowicza przy WSK \u201ePZL-Mielec\u201d, opracowanie zespo\u0142owe, Mielec 2000.<\/p>\r\n<p><!-- \/wp:paragraph -->\r\n\r\n<!-- wp:paragraph --><\/p>\r\n<p>30 lat Szko\u0142y Podstawowej im. I. \u0141ukasiewicza w Mielcu 1966-1996, opracowanie zbiorowe, Mielec 1996.\u00a0<\/p>\r\n<p><!-- \/wp:paragraph -->\r\n\r\n<!-- wp:paragraph --><\/p>\r\n<p>30 lat w s\u0142u\u017cbie hutnictwa \u017celaza i stali PRL. Biuro Studi\u00f3w i Projekt\u00f3w Hutnictwa BIPROSTAL Krak\u00f3w, opracowa\u0142 zesp\u00f3\u0142, pod red. Jana Dworaczka, Krak\u00f3w 1979.<\/p>\r\n<p><!-- \/wp:paragraph -->\r\n\r\n<!-- wp:paragraph --><\/p>\r\n<p>30 lat Wytw\u00f3rni Sprz\u0119tu Komunikacyjnego w Mielcu, opracowanie zespo\u0142owe pod redakcj\u0105 Zenona Iwanicza, Mielec 1968.<\/p>\r\n<p><!-- \/wp:paragraph -->\r\n\r\n<!-- wp:paragraph --><\/p>\r\n<p>1912-2012 100-lecie Gmachu Szko\u0142y 45-lecie Technikum Elektrycznego, tom 1 \u2013 Historia i wsp\u00f3\u0142czesno\u015b\u0107, tom 2 \u2013 Listy absolwent\u00f3w i uczni\u00f3w, opracowanie zbiorowe, Mielec 2012.<\/p>\r\n<p><!-- \/wp:paragraph -->\r\n\r\n<!-- wp:paragraph --><\/p>\r\n<p>Umi\u0144ski J\u00f3zef, Stawiali\u015bmy op\u00f3r &#8230; Dwana\u015bcie lat (1940-1951) zbrojnej harcerskiej konspiracji niepodleg\u0142o\u015bciowej Dru\u017cyny Sz. Sz. im. Jeremiego Wi\u015bniowieckiego, Mielec 1997.<\/p>\r\n<p><!-- \/wp:paragraph -->\r\n\r\n<!-- wp:paragraph --><\/p>\r\n<p>Wczoraj i dzi\u015b Zespo\u0142u Szk\u00f3\u0142 Technicznych w Mielcu, opracowanie zbiorowe, Mielec 2001.<\/p>\r\n<p><!-- \/wp:paragraph -->\r\n\r\n<!-- wp:paragraph --><\/p>\r\n<p>Witek El\u017cbieta, Szko\u0142a Podstawowa nr 1 im. Prof. W\u0142adys\u0142awa Szafera w Mielcu w latach 1893-1993, Mielec 1993.<\/p>\r\n<p><!-- \/wp:paragraph -->\r\n\r\n<!-- wp:paragraph --><\/p>\r\n<p>Witek El\u017cbieta, Szko\u0142a Podstawowa nr 1 im. Prof. W\u0142adys\u0142awa Szafera w Mielcu w latach 1893-2003, Mielec 2003.\u00a0<\/p>\r\n<p><!-- \/wp:paragraph -->\r\n\r\n<!-- wp:paragraph --><\/p>\r\n<p>Witek J\u00f3zef, Miejska Komunikacja Samochodowa w Mielcu 1961-2001, Mielec 2001.<\/p>\r\n<p><!-- \/wp:paragraph -->\r\n\r\n<!-- wp:paragraph --><\/p>\r\n<p>Witek J\u00f3zef, Pa\u0144stwowa Szko\u0142a Muzyczna im. Mieczys\u0142awa Kar\u0142owicza w Mielcu, Mielec 1995.<\/p>\r\n<p><!-- \/wp:paragraph -->\r\n\r\n<!-- wp:paragraph --><\/p>\r\n<p>Witek J\u00f3zef, Z\u0142oty Jubileusz Miejskiego Zarz\u0105du Budynk\u00f3w Mieszkalnych w Mielcu, Mielec 2007.<\/p>\r\n<p><!-- \/wp:paragraph -->\r\n\r\n<!-- wp:paragraph --><\/p>\r\n<p>Witek J\u00f3zef, Madej Wies\u0142aw, 70 lat Klubu Sportowego Stal Mielec, Mielec 2009.<\/p>\r\n<p><!-- \/wp:paragraph -->\r\n\r\n<!-- wp:paragraph --><\/p>\r\n<p>Witek J\u00f3zef, Madej Wies\u0142aw, 100 lat Mieleckiego Klubu Sportowego Gryf na tle historii mieleckiego sportu, Mielec 2010.<\/p>\r\n<p><!-- \/wp:paragraph -->\r\n\r\n<!-- wp:paragraph --><\/p>\r\n<p>Witek Stefan, Rola proces\u00f3w eolicznych w rozwoju rze\u017aby Kotliny Sandomierskiej mi\u0119dzy Wis\u0142ok\u0105 a Sanem (praca doktorska, maszynopis), Krak\u00f3w 1968.<\/p>\r\n<p><!-- \/wp:paragraph -->\r\n\r\n<!-- wp:paragraph --><\/p>\r\n<p>Witkiewicz Stanis\u0142aw Ignacy, Listy do \u017cony (1928-1931), Warszawa 2007.\u00a0<\/p>\r\n<p><!-- \/wp:paragraph -->\r\n\r\n<!-- wp:paragraph --><\/p>\r\n<p>Wojtycza Janusz, Dr W\u0142adys\u0142aw Szczygie\u0142 (1902-1960), w: Rocznik Komisji Nauk Pedagogicznych T. LIII (2000).<\/p>\r\n<p><!-- \/wp:paragraph -->\r\n\r\n<!-- wp:paragraph --><\/p>\r\n<p>Wo\u017aniak Julian, \u201eM\u201d \u2013 jak Mielec, Rzesz\u00f3w 1986.<\/p>\r\n<p><!-- \/wp:paragraph -->\r\n\r\n<!-- wp:paragraph --><\/p>\r\n<p>Wo\u017aniak Marek, Wyzina Janusz, 40 lat Oddzia\u0142u Miejskiego Polskiego Towarzystwa Turystyczno-Krajoznawczego w Mielcu, Mielec 2011.<\/p>\r\n<p><!-- \/wp:paragraph -->\r\n\r\n<!-- wp:paragraph --><\/p>\r\n<p>Wszo\u0142ek Mieczys\u0142aw, Kronika NSZZ \u201eSolidarno\u015b\u0107\u201d WSK PZL-Mielec 1980-1985.<\/p>\r\n<p><!-- \/wp:paragraph -->\r\n\r\n<!-- wp:paragraph --><\/p>\r\n<p>Wykaz urz\u0119dowych nazw miejscowo\u015bci w Polsce, tom I \u2013 Warszawa 1980, tom II \u2013 Warszawa 1981, tom III \u2013 Warszawa 1982.\u00a0<\/p>\r\n<p><!-- \/wp:paragraph -->\r\n\r\n<!-- wp:paragraph --><\/p>\r\n<p>Zaborniak Stanis\u0142aw, Lekkoatletyka na Podkarpaciu (1894-2008), Rzesz\u00f3w 2009.<\/p>\r\n<p><!-- \/wp:paragraph -->\r\n\r\n<!-- wp:paragraph --><\/p>\r\n<p>Zak\u0142ady Lotnicze w Mielcu 1938-1989. U \u017ar\u00f3de\u0142 sukcesu, opracowanie zbiorowe pod redakcj\u0105 Jerzego Skrzypczaka, Mielec 2008.<\/p>\r\n<p><!-- \/wp:paragraph -->\r\n\r\n<!-- wp:paragraph --><\/p>\r\n<p>Zborowski Janusz, Muzeum Regionalne w Mielcu 1967-2002, Mielec 2002.<\/p>\r\n<p><!-- \/wp:paragraph -->\r\n\r\n<!-- wp:paragraph --><\/p>\r\n<p>Z dziej\u00f3w bibliotek, nauki i kultury ziemi mieleckiej, Rocznik Ziemi Mieleckiej, opracowanie zbiorowe pod redakcj\u0105 W\u0142adys\u0142awa Witka, Mielec 1974.<\/p>\r\n<p><!-- \/wp:paragraph -->\r\n\r\n<!-- wp:paragraph --><\/p>\r\n<p>Z kart historii ku przysz\u0142o\u015bci. Ksi\u0119ga z okazji jubileuszu 80-lecia szkolnictwa ekonomicznego w Mielcu, pod red. Krystyny Le\u015bniak-Moczuk, Mielec 2017.<\/p>\r\n<p><!-- \/wp:paragraph -->\r\n\r\n<!-- wp:paragraph --><\/p>\r\n<p>Ziemianie polscy XX wieku. S\u0142ownik biograficzny, cz. 1, red. Tadeusz Epsztein, Warszawa 1992.<\/p>\r\n<p><!-- \/wp:paragraph -->\r\n\r\n<!-- wp:paragraph --><\/p>\r\n<p>Ziemianie polscy XX wieku. S\u0142ownik biograficzny, cz. 2, red. Janina Leskiewiczowa, Warszawa 1994.<\/p>\r\n<p><!-- \/wp:paragraph -->\r\n\r\n<!-- wp:paragraph --><\/p>\r\n<p>Ziemianie polscy XX wieku. S\u0142ownik biograficzny, cz. 3, red. Janina Leskiewiczowa, Warszawa 1996.<\/p>\r\n<p><!-- \/wp:paragraph -->\r\n\r\n<!-- wp:paragraph --><\/p>\r\n<p>Ziemianie polscy XX wieku. S\u0142ownik biograficzny, cz. 4, red. Tadeusz Epsztein, Warszawa 1998.<\/p>\r\n<p><!-- \/wp:paragraph -->\r\n\r\n<!-- wp:paragraph --><\/p>\r\n<p>Ziemianie polscy XX wieku. S\u0142ownik biograficzny, cz. 5, red. Janina Leskiewiczowa , Warszawa 2000.<\/p>\r\n<p><!-- \/wp:paragraph -->\r\n\r\n<!-- wp:paragraph --><\/p>\r\n<p>Ziemianie polscy XX wieku. S\u0142ownik biograficzny, cz. 6, red. Janina Leskiewiczowa, Warszawa 2002.<\/p>\r\n<p><!-- \/wp:paragraph -->\r\n\r\n<!-- wp:paragraph --><\/p>\r\n<p>Ziemianie polscy XX wieku. S\u0142ownik biograficzny, cz. 7, red. Janina Leskiewiczowa, Warszawa 2004.<\/p>\r\n<p><!-- \/wp:paragraph -->\r\n\r\n<!-- wp:paragraph --><\/p>\r\n<p>Ziemianie polscy XX wieku. S\u0142ownik biograficzny, cz. 8, red. S\u0142awomir G\u00f3rzy\u0144ski, Warszawa 2007.<\/p>\r\n<p><!-- \/wp:paragraph -->\r\n\r\n<!-- wp:paragraph --><\/p>\r\n<p>Ziemianie polscy XX wieku. S\u0142ownik biograficzny, cz. 9, red. Tadeusz Epsztein, Warszawa 2010.<\/p>\r\n<p><!-- \/wp:paragraph -->\r\n\r\n<!-- wp:paragraph --><\/p>\r\n<p>Ziemianie polscy XX wieku. S\u0142ownik biograficzny, cz. 10, red. Tadeusz Epsztein, Warszawa 2013.<\/p>\r\n<p><!-- \/wp:paragraph -->\r\n\r\n<!-- wp:paragraph --><\/p>\r\n<p>Ziemianie polscy XX wieku. S\u0142ownik biograficzny, cz. 11, red. Tadeusz Epsztein, Warszawa 2016.<\/p>\r\n<p><!-- \/wp:paragraph -->\r\n\r\n<!-- wp:paragraph --><\/p>\r\n<p>\u017belasko Piotr, Historia powstania i rozwoju Towarzystwa Ochotniczej Stra\u017cy Po\u017carnej w Mielcu, Mielec 1924.<\/p>\r\n<p><!-- \/wp:paragraph -->\r\n\r\n<!-- wp:paragraph --><\/p>\r\n<p><strong>D. Prasa<\/strong><\/p>\r\n<p><!-- \/wp:paragraph -->\r\n\r\n<!-- wp:paragraph --><\/p>\r\n<p>Ceramika Budowlana, nr 7, 8 z 1986 r.<\/p>\r\n<p><!-- \/wp:paragraph -->\r\n\r\n<!-- wp:paragraph --><\/p>\r\n<p>Codzienna Gazeta Handlowa, roczniki 1938-1939<\/p>\r\n<p><!-- \/wp:paragraph -->\r\n\r\n<!-- wp:paragraph --><\/p>\r\n<p>Cracovia Leopolis, nr 2\/14 z 1998 r.<\/p>\r\n<p><!-- \/wp:paragraph -->\r\n\r\n<!-- wp:paragraph --><\/p>\r\n<p>Dziennik Polski, wybrane numery z lat 1869-2018<\/p>\r\n<p><!-- \/wp:paragraph -->\r\n\r\n<!-- wp:paragraph --><\/p>\r\n<p>Dziennik Tarnowski, rocznik 1912\u00a0<\/p>\r\n<p><!-- \/wp:paragraph -->\r\n\r\n<!-- wp:paragraph --><\/p>\r\n<p>Dziennik Zwi\u0105zkowy (Chicago), wybrane egzemplarze z lat 2000 \u2013 2003.<\/p>\r\n<p><!-- \/wp:paragraph -->\r\n\r\n<!-- wp:paragraph --><\/p>\r\n<p>Fara Mielecka, Pismo Parafii Rzymskokatolickiej \u015bw. Mateusza w Mielcu, 1995 \u2013 2018.<\/p>\r\n<p><!-- \/wp:paragraph -->\r\n\r\n<!-- wp:paragraph --><\/p>\r\n<p>Gazeta Lwowska<\/p>\r\n<p><!-- \/wp:paragraph -->\r\n\r\n<!-- wp:paragraph --><\/p>\r\n<p>Gazeta Mielecka, roczniki 1995 \u2013 2001.<\/p>\r\n<p><!-- \/wp:paragraph -->\r\n\r\n<!-- wp:paragraph --><\/p>\r\n<p>Gazeta Narodowa, roczniki 1867-1879.<\/p>\r\n<p><!-- \/wp:paragraph -->\r\n\r\n<!-- wp:paragraph --><\/p>\r\n<p>G\u0142os Mielecki, roczniki 1990 \u2013 1997.<\/p>\r\n<p><!-- \/wp:paragraph -->\r\n\r\n<!-- wp:paragraph --><\/p>\r\n<p>G\u0142os Podhala, wybrane numery.<\/p>\r\n<p><!-- \/wp:paragraph -->\r\n\r\n<!-- wp:paragraph --><\/p>\r\n<p>G\u0142os Solidarno\u015bci, roczniki 1980 \u2013 1981 i 1989 \u2013 1996.<\/p>\r\n<p><!-- \/wp:paragraph -->\r\n\r\n<!-- wp:paragraph --><\/p>\r\n<p>G\u0142os Tygodnia, nr 40\/367 z 4 X 1964 r.,\u00a0<\/p>\r\n<p><!-- \/wp:paragraph -->\r\n\r\n<!-- wp:paragraph --><\/p>\r\n<p>G\u0142os Za\u0142ogi, roczniki 1951 \u2013 1990.<\/p>\r\n<p><!-- \/wp:paragraph -->\r\n\r\n<!-- wp:paragraph --><\/p>\r\n<p>Goniec Krakowski, wybrane numery z lat okupacji hitlerowskiej.<\/p>\r\n<p><!-- \/wp:paragraph -->\r\n\r\n<!-- wp:paragraph --><\/p>\r\n<p>Ikona, Pismo Parafii Rzymskokatolickiej Matki Bo\u017cej Nieustaj\u0105cej Pomocy w Mielcu, 1996 \u2013 2012.<\/p>\r\n<p><!-- \/wp:paragraph -->\r\n\r\n<!-- wp:paragraph --><\/p>\r\n<p>Korso, Tygodnik Regionalny, roczniki 1991 \u2013 2018.<\/p>\r\n<p><!-- \/wp:paragraph -->\r\n\r\n<!-- wp:paragraph --><\/p>\r\n<p>Kultureska, Kwartalnik Samorz\u0105dowego Centrum Kultury, 2006-2007.<\/p>\r\n<p><!-- \/wp:paragraph -->\r\n\r\n<!-- wp:paragraph --><\/p>\r\n<p>Kurier (Chicago), wybrane egzemplarze z 2003.<\/p>\r\n<p><!-- \/wp:paragraph -->\r\n\r\n<!-- wp:paragraph --><\/p>\r\n<p>Lekka atletyka, Nr 2\/118, luty 1966 r.<\/p>\r\n<p><!-- \/wp:paragraph -->\r\n\r\n<!-- wp:paragraph --><\/p>\r\n<p>Mieleckie Echa, 1998 \u2013 1999.<\/p>\r\n<p><!-- \/wp:paragraph -->\r\n\r\n<!-- wp:paragraph --><\/p>\r\n<p>Nadwis\u0142ocze, Og\u00f3lnopolski Kwartalnik Spo\u0142eczno-Kulturalny, 2003-2017.<\/p>\r\n<p><!-- \/wp:paragraph -->\r\n\r\n<!-- wp:paragraph --><\/p>\r\n<p>Nowiny Rzeszowskie (Nowiny), roczniki 1950\u20132017.<\/p>\r\n<p><!-- \/wp:paragraph -->\r\n\r\n<!-- wp:paragraph --><\/p>\r\n<p>Reforma S\u0105dowa, wybrane numery z 1897 r.<\/p>\r\n<p><!-- \/wp:paragraph -->\r\n\r\n<!-- wp:paragraph --><\/p>\r\n<p>Spod Znaku Ducha \u015awi\u0119tego, Pismo Parafii Rzymskokatolickiej Ducha \u015awi\u0119tego w Mielcu, 1997\u20132017.<\/p>\r\n<p><!-- \/wp:paragraph -->\r\n\r\n<!-- wp:paragraph --><\/p>\r\n<p>Tempo, roczniki 1956\u20132003.\u00a0<\/p>\r\n<p><!-- \/wp:paragraph -->\r\n\r\n<!-- wp:paragraph --><\/p>\r\n<p>Trinitas, Pismo Parafii Rzymskokatolickiej Tr\u00f3jcy Przenaj\u015bwi\u0119tszej w Mielcu, 2002\u20132017.<\/p>\r\n<p><!-- \/wp:paragraph -->\r\n\r\n<!-- wp:paragraph --><\/p>\r\n<p>Trybuna Robotnicza, wybrane numery.<\/p>\r\n<p><!-- \/wp:paragraph -->\r\n\r\n<!-- wp:paragraph --><\/p>\r\n<p>W\u0119ze\u0142ek, G\u0142\u00f3wna Kwatera Harcerek w Londynie, nr 231\/2001, Londyn 2001\u00a0<\/p>\r\n<p><!-- \/wp:paragraph -->\r\n\r\n<!-- wp:paragraph --><\/p>\r\n<p>Wiadomo\u015bci Fabryczne, wybrane numery<\/p>\r\n<p><!-- \/wp:paragraph -->\r\n\r\n<!-- wp:paragraph --><\/p>\r\n<p>Wie\u015bci Gminne (Wie\u015bci Regionalne), roczniki 1990\u20132017.<\/p>\r\n<p><!-- \/wp:paragraph -->\r\n\r\n<!-- wp:paragraph --><\/p>\r\n<p>Wizjer Regionalny, roczniki 1994\u20132007.<\/p>\r\n<p><!-- \/wp:paragraph -->\r\n\r\n<!-- wp:paragraph --><\/p>\r\n<p>Wydarzenia, Gazeta Lokalna, 2006-2007.<\/p>\r\n<p><!-- \/wp:paragraph -->\r\n\r\n<!-- wp:paragraph --><\/p>\r\n<p><strong>E. Ankiety osobowe, wywiady.<\/strong><\/p>\r\n<p><!-- \/wp:paragraph -->\r\n\r\n<!-- wp:paragraph --><\/p>\r\n<p><strong>F. Strony internetowe<\/strong><\/p>\r\n<p>&nbsp;<\/p>","protected":false},"excerpt":{"rendered":"<p>A. \u0179r\u00f3d\u0142a r\u0119kopi\u015bmienne Archiwum Cechu Rzemios\u0142 R\u00f3\u017cnych w Mielcu, ksi\u0119gi cechowe. Archiwum Diecezjalne w Tarnowie, dokumenty r\u00f3\u017cne. Kroniki parafii rzymskokatolickich, szk\u00f3\u0142, przedszkoli i innych instytucji, organizacji spo\u0142ecznych i stowarzysze\u0144. Ksi\u0119gi metrykalne parafii \u015bw. Mateusza w Mielcu i parafii Mielec \u2013 Rzoch\u00f3w. Wojew\u00f3dzkie Archiwum Pa\u0144stwowe w Rzeszowie, Akta miasta Mielca. B. \u0179r\u00f3d\u0142a drukowane Archiwum I Liceum [&hellip;]<\/p>\n","protected":false},"author":1,"featured_media":0,"parent":0,"menu_order":0,"comment_status":"closed","ping_status":"closed","template":"","meta":{"footnotes":""},"class_list":["post-5374","page","type-page","status-publish","hentry"],"_links":{"self":[{"href":"https:\/\/encyklopedia.mielec.pl\/index.php?rest_route=\/wp\/v2\/pages\/5374","targetHints":{"allow":["GET"]}}],"collection":[{"href":"https:\/\/encyklopedia.mielec.pl\/index.php?rest_route=\/wp\/v2\/pages"}],"about":[{"href":"https:\/\/encyklopedia.mielec.pl\/index.php?rest_route=\/wp\/v2\/types\/page"}],"author":[{"embeddable":true,"href":"https:\/\/encyklopedia.mielec.pl\/index.php?rest_route=\/wp\/v2\/users\/1"}],"replies":[{"embeddable":true,"href":"https:\/\/encyklopedia.mielec.pl\/index.php?rest_route=%2Fwp%2Fv2%2Fcomments&post=5374"}],"version-history":[{"count":0,"href":"https:\/\/encyklopedia.mielec.pl\/index.php?rest_route=\/wp\/v2\/pages\/5374\/revisions"}],"wp:attachment":[{"href":"https:\/\/encyklopedia.mielec.pl\/index.php?rest_route=%2Fwp%2Fv2%2Fmedia&parent=5374"}],"curies":[{"name":"wp","href":"https:\/\/api.w.org\/{rel}","templated":true}]}}