{"id":251,"date":"2022-11-28T11:43:41","date_gmt":"2022-11-28T10:43:41","guid":{"rendered":"https:\/\/encyklopedia.mielec.pl\/?page_id=251"},"modified":"2023-01-20T11:42:15","modified_gmt":"2023-01-20T10:42:15","slug":"galeria","status":"publish","type":"page","link":"https:\/\/encyklopedia.mielec.pl\/?page_id=251","title":{"rendered":"Galeria"},"content":{"rendered":"\r\n<figure class=\"wp-block-gallery has-nested-images columns-default is-cropped wp-block-gallery-1 is-layout-flex wp-block-gallery-is-layout-flex\">\r\n<figure class=\"wp-block-image size-large\"><img loading=\"lazy\" decoding=\"async\" width=\"980\" height=\"680\" data-id=\"262\" class=\"wp-image-262\" src=\"https:\/\/encyklopedia.mielec.pl\/wp-content\/uploads\/2022\/11\/001_an-2.jpg\" alt=\"\" srcset=\"https:\/\/encyklopedia.mielec.pl\/wp-content\/uploads\/2022\/11\/001_an-2.jpg 980w, https:\/\/encyklopedia.mielec.pl\/wp-content\/uploads\/2022\/11\/001_an-2-300x208.jpg 300w, https:\/\/encyklopedia.mielec.pl\/wp-content\/uploads\/2022\/11\/001_an-2-768x533.jpg 768w\" sizes=\"auto, (max-width: 980px) 100vw, 980px\" \/>\r\n<figcaption class=\"wp-element-caption\">An-2 po odbyciu lotu dooko\u0142a \u015bwiata (1997 r.)<\/figcaption>\r\n<\/figure>\r\n\r\n\r\n\r\n<figure class=\"wp-block-image size-large\"><img loading=\"lazy\" decoding=\"async\" width=\"980\" height=\"680\" data-id=\"265\" class=\"wp-image-265\" src=\"https:\/\/encyklopedia.mielec.pl\/wp-content\/uploads\/2022\/11\/002_air_show-97_07.jpg\" alt=\"\" srcset=\"https:\/\/encyklopedia.mielec.pl\/wp-content\/uploads\/2022\/11\/002_air_show-97_07.jpg 980w, https:\/\/encyklopedia.mielec.pl\/wp-content\/uploads\/2022\/11\/002_air_show-97_07-300x208.jpg 300w, https:\/\/encyklopedia.mielec.pl\/wp-content\/uploads\/2022\/11\/002_air_show-97_07-768x533.jpg 768w\" sizes=\"auto, (max-width: 980px) 100vw, 980px\" \/>\r\n<figcaption class=\"wp-element-caption\">Zlot An-2 w czasie Air Show Mielec \u201897<\/figcaption>\r\n<\/figure>\r\n\r\n\r\n\r\n<figure class=\"wp-block-image size-large\"><img loading=\"lazy\" decoding=\"async\" width=\"980\" height=\"680\" data-id=\"261\" class=\"wp-image-261\" src=\"https:\/\/encyklopedia.mielec.pl\/wp-content\/uploads\/2022\/11\/003_dromader_m-18.jpg\" alt=\"\" srcset=\"https:\/\/encyklopedia.mielec.pl\/wp-content\/uploads\/2022\/11\/003_dromader_m-18.jpg 980w, https:\/\/encyklopedia.mielec.pl\/wp-content\/uploads\/2022\/11\/003_dromader_m-18-300x208.jpg 300w, https:\/\/encyklopedia.mielec.pl\/wp-content\/uploads\/2022\/11\/003_dromader_m-18-768x533.jpg 768w\" sizes=\"auto, (max-width: 980px) 100vw, 980px\" \/>\r\n<figcaption class=\"wp-element-caption\">Dromader<\/figcaption>\r\n<\/figure>\r\n\r\n\r\n\r\n<figure class=\"wp-block-image size-large\"><img loading=\"lazy\" decoding=\"async\" width=\"980\" height=\"680\" data-id=\"263\" class=\"wp-image-263\" src=\"https:\/\/encyklopedia.mielec.pl\/wp-content\/uploads\/2022\/11\/004_bryza.jpg\" alt=\"\" srcset=\"https:\/\/encyklopedia.mielec.pl\/wp-content\/uploads\/2022\/11\/004_bryza.jpg 980w, https:\/\/encyklopedia.mielec.pl\/wp-content\/uploads\/2022\/11\/004_bryza-300x208.jpg 300w, https:\/\/encyklopedia.mielec.pl\/wp-content\/uploads\/2022\/11\/004_bryza-768x533.jpg 768w\" sizes=\"auto, (max-width: 980px) 100vw, 980px\" \/>\r\n<figcaption class=\"wp-element-caption\">Bryza<\/figcaption>\r\n<\/figure>\r\n\r\n\r\n\r\n<figure class=\"wp-block-image size-large\"><img loading=\"lazy\" decoding=\"async\" width=\"980\" height=\"680\" data-id=\"266\" class=\"wp-image-266\" src=\"https:\/\/encyklopedia.mielec.pl\/wp-content\/uploads\/2022\/11\/005_iskierka.jpg\" alt=\"\" srcset=\"https:\/\/encyklopedia.mielec.pl\/wp-content\/uploads\/2022\/11\/005_iskierka.jpg 980w, https:\/\/encyklopedia.mielec.pl\/wp-content\/uploads\/2022\/11\/005_iskierka-300x208.jpg 300w, https:\/\/encyklopedia.mielec.pl\/wp-content\/uploads\/2022\/11\/005_iskierka-768x533.jpg 768w\" sizes=\"auto, (max-width: 980px) 100vw, 980px\" \/>\r\n<figcaption class=\"wp-element-caption\">Iskierka<\/figcaption>\r\n<\/figure>\r\n\r\n\r\n\r\n<figure class=\"wp-block-image size-large\"><img loading=\"lazy\" decoding=\"async\" width=\"980\" height=\"680\" data-id=\"264\" class=\"wp-image-264\" src=\"https:\/\/encyklopedia.mielec.pl\/wp-content\/uploads\/2022\/11\/006_iskra.jpg\" alt=\"\" srcset=\"https:\/\/encyklopedia.mielec.pl\/wp-content\/uploads\/2022\/11\/006_iskra.jpg 980w, https:\/\/encyklopedia.mielec.pl\/wp-content\/uploads\/2022\/11\/006_iskra-300x208.jpg 300w, https:\/\/encyklopedia.mielec.pl\/wp-content\/uploads\/2022\/11\/006_iskra-768x533.jpg 768w\" sizes=\"auto, (max-width: 980px) 100vw, 980px\" \/>\r\n<figcaption class=\"wp-element-caption\">Iskra<\/figcaption>\r\n<\/figure>\r\n\r\n\r\n\r\n<figure class=\"wp-block-image size-large\"><img loading=\"lazy\" decoding=\"async\" width=\"980\" height=\"680\" data-id=\"267\" class=\"wp-image-267\" src=\"https:\/\/encyklopedia.mielec.pl\/wp-content\/uploads\/2022\/11\/007_iryda.jpg\" alt=\"\" srcset=\"https:\/\/encyklopedia.mielec.pl\/wp-content\/uploads\/2022\/11\/007_iryda.jpg 980w, https:\/\/encyklopedia.mielec.pl\/wp-content\/uploads\/2022\/11\/007_iryda-300x208.jpg 300w, https:\/\/encyklopedia.mielec.pl\/wp-content\/uploads\/2022\/11\/007_iryda-768x533.jpg 768w\" sizes=\"auto, (max-width: 980px) 100vw, 980px\" \/>\r\n<figcaption class=\"wp-element-caption\">Iryda<\/figcaption>\r\n<\/figure>\r\n\r\n\r\n\r\n<figure class=\"wp-block-image size-large\"><img loading=\"lazy\" decoding=\"async\" width=\"980\" height=\"680\" data-id=\"268\" class=\"wp-image-268\" src=\"https:\/\/encyklopedia.mielec.pl\/wp-content\/uploads\/2022\/11\/008_rynek.jpg\" alt=\"\" srcset=\"https:\/\/encyklopedia.mielec.pl\/wp-content\/uploads\/2022\/11\/008_rynek.jpg 980w, https:\/\/encyklopedia.mielec.pl\/wp-content\/uploads\/2022\/11\/008_rynek-300x208.jpg 300w, https:\/\/encyklopedia.mielec.pl\/wp-content\/uploads\/2022\/11\/008_rynek-768x533.jpg 768w\" sizes=\"auto, (max-width: 980px) 100vw, 980px\" \/>\r\n<figcaption class=\"wp-element-caption\">Kamieniczki przy p\u00f3\u0142nocnej pierzei Rynku<\/figcaption>\r\n<\/figure>\r\n\r\n\r\n\r\n<figure class=\"wp-block-image size-large\">\r\n<img loading=\"lazy\" decoding=\"async\" width=\"980\" height=\"680\" data-id=\"271\" class=\"wp-image-271\" src=\"https:\/\/encyklopedia.mielec.pl\/wp-content\/uploads\/2022\/11\/009_dom_mickiew.jpg\" alt=\"\" srcset=\"https:\/\/encyklopedia.mielec.pl\/wp-content\/uploads\/2022\/11\/009_dom_mickiew.jpg 980w, https:\/\/encyklopedia.mielec.pl\/wp-content\/uploads\/2022\/11\/009_dom_mickiew-300x208.jpg 300w, https:\/\/encyklopedia.mielec.pl\/wp-content\/uploads\/2022\/11\/009_dom_mickiew-768x533.jpg 768w\" sizes=\"auto, (max-width: 980px) 100vw, 980px\" \/>\r\n<figcaption class=\"wp-element-caption\">Kamieniczki przy alei Adama Mickiewicza<\/figcaption>\r\n<\/figure>\r\n\r\n\r\n\r\n<figure class=\"wp-block-image size-large\">\r\n<img loading=\"lazy\" decoding=\"async\" width=\"980\" height=\"680\" data-id=\"273\" class=\"wp-image-273\" src=\"https:\/\/encyklopedia.mielec.pl\/wp-content\/uploads\/2022\/11\/009_dworek_w_wojslawiu.jpg\" alt=\"\" srcset=\"https:\/\/encyklopedia.mielec.pl\/wp-content\/uploads\/2022\/11\/009_dworek_w_wojslawiu.jpg 980w, https:\/\/encyklopedia.mielec.pl\/wp-content\/uploads\/2022\/11\/009_dworek_w_wojslawiu-300x208.jpg 300w, https:\/\/encyklopedia.mielec.pl\/wp-content\/uploads\/2022\/11\/009_dworek_w_wojslawiu-768x533.jpg 768w\" sizes=\"auto, (max-width: 980px) 100vw, 980px\" \/>\r\n<figcaption class=\"wp-element-caption\">Dworek w Wojs\u0142awiu (stan w latach 80. XX w.)<\/figcaption>\r\n<\/figure>\r\n\r\n\r\n\r\n<figure class=\"wp-block-image size-large\"><img loading=\"lazy\" decoding=\"async\" width=\"980\" height=\"680\" data-id=\"269\" class=\"wp-image-269\" src=\"https:\/\/encyklopedia.mielec.pl\/wp-content\/uploads\/2022\/11\/010_dom_mick5.jpg\" alt=\"\" srcset=\"https:\/\/encyklopedia.mielec.pl\/wp-content\/uploads\/2022\/11\/010_dom_mick5.jpg 980w, https:\/\/encyklopedia.mielec.pl\/wp-content\/uploads\/2022\/11\/010_dom_mick5-300x208.jpg 300w, https:\/\/encyklopedia.mielec.pl\/wp-content\/uploads\/2022\/11\/010_dom_mick5-768x533.jpg 768w\" sizes=\"auto, (max-width: 980px) 100vw, 980px\" \/>\r\n<figcaption class=\"wp-element-caption\">Dom przy ul. A Mickiewicza 5<\/figcaption>\r\n<\/figure>\r\n\r\n\r\n\r\n<figure class=\"wp-block-image size-large\"><img loading=\"lazy\" decoding=\"async\" width=\"980\" height=\"680\" data-id=\"270\" class=\"wp-image-270\" src=\"https:\/\/encyklopedia.mielec.pl\/wp-content\/uploads\/2022\/11\/011_dom_kosc.jpg\" alt=\"\" srcset=\"https:\/\/encyklopedia.mielec.pl\/wp-content\/uploads\/2022\/11\/011_dom_kosc.jpg 980w, https:\/\/encyklopedia.mielec.pl\/wp-content\/uploads\/2022\/11\/011_dom_kosc-300x208.jpg 300w, https:\/\/encyklopedia.mielec.pl\/wp-content\/uploads\/2022\/11\/011_dom_kosc-768x533.jpg 768w\" sizes=\"auto, (max-width: 980px) 100vw, 980px\" \/>\r\n<figcaption class=\"wp-element-caption\">Dworek przy ul. T. Ko\u015bciuszki 5<\/figcaption>\r\n<\/figure>\r\n\r\n\r\n\r\n<figure class=\"wp-block-image size-large\"><img loading=\"lazy\" decoding=\"async\" width=\"980\" height=\"680\" data-id=\"272\" class=\"wp-image-272\" src=\"https:\/\/encyklopedia.mielec.pl\/wp-content\/uploads\/2022\/11\/bh00.jpg\" alt=\"\" srcset=\"https:\/\/encyklopedia.mielec.pl\/wp-content\/uploads\/2022\/11\/bh00.jpg 980w, https:\/\/encyklopedia.mielec.pl\/wp-content\/uploads\/2022\/11\/bh00-300x208.jpg 300w, https:\/\/encyklopedia.mielec.pl\/wp-content\/uploads\/2022\/11\/bh00-768x533.jpg 768w\" sizes=\"auto, (max-width: 980px) 100vw, 980px\" \/>\r\n<figcaption class=\"wp-element-caption\">\u015amig\u0142owiec S-70i Black Hawk przed przekazaniem odbiorcy z Arabii Saudyjskiej<\/figcaption>\r\n<\/figure>\r\n\r\n\r\n\r\n<figure class=\"wp-block-image size-large\"><img loading=\"lazy\" decoding=\"async\" width=\"980\" height=\"680\" data-id=\"274\" class=\"wp-image-274\" src=\"https:\/\/encyklopedia.mielec.pl\/wp-content\/uploads\/2022\/11\/bh001.jpg\" alt=\"\" srcset=\"https:\/\/encyklopedia.mielec.pl\/wp-content\/uploads\/2022\/11\/bh001.jpg 980w, https:\/\/encyklopedia.mielec.pl\/wp-content\/uploads\/2022\/11\/bh001-300x208.jpg 300w, https:\/\/encyklopedia.mielec.pl\/wp-content\/uploads\/2022\/11\/bh001-768x533.jpg 768w\" sizes=\"auto, (max-width: 980px) 100vw, 980px\" \/>\r\n<figcaption class=\"wp-element-caption\">\u015amig\u0142owiec S-70i Black Hawk przed hal\u0105 fabryczn\u0105 PZL Mielec A Sikorsky Company<\/figcaption>\r\n<\/figure>\r\n\r\n\r\n\r\n<figure class=\"wp-block-image size-large\"><img loading=\"lazy\" decoding=\"async\" width=\"980\" height=\"680\" data-id=\"276\" class=\"wp-image-276\" src=\"https:\/\/encyklopedia.mielec.pl\/wp-content\/uploads\/2022\/11\/bh002.jpg\" alt=\"\" srcset=\"https:\/\/encyklopedia.mielec.pl\/wp-content\/uploads\/2022\/11\/bh002.jpg 980w, https:\/\/encyklopedia.mielec.pl\/wp-content\/uploads\/2022\/11\/bh002-300x208.jpg 300w, https:\/\/encyklopedia.mielec.pl\/wp-content\/uploads\/2022\/11\/bh002-768x533.jpg 768w\" sizes=\"auto, (max-width: 980px) 100vw, 980px\" \/>\r\n<figcaption class=\"wp-element-caption\">\u015amig\u0142owiec S-70i Black Hawk nad g\u0142\u00f3wnym boiskiem pi\u0142karskim MOSiR<\/figcaption>\r\n<\/figure>\r\n\r\n\r\n\r\n<figure class=\"wp-block-image size-large\"><img loading=\"lazy\" decoding=\"async\" width=\"980\" height=\"680\" data-id=\"275\" class=\"wp-image-275\" src=\"https:\/\/encyklopedia.mielec.pl\/wp-content\/uploads\/2022\/11\/bh003.jpg\" alt=\"\" srcset=\"https:\/\/encyklopedia.mielec.pl\/wp-content\/uploads\/2022\/11\/bh003.jpg 980w, https:\/\/encyklopedia.mielec.pl\/wp-content\/uploads\/2022\/11\/bh003-300x208.jpg 300w, https:\/\/encyklopedia.mielec.pl\/wp-content\/uploads\/2022\/11\/bh003-768x533.jpg 768w\" sizes=\"auto, (max-width: 980px) 100vw, 980px\" \/>\r\n<figcaption class=\"wp-element-caption\">\u015amig\u0142owiec S-70i Black Hawk w locie nad ziemi\u0105 mieleck\u0105<\/figcaption>\r\n<\/figure>\r\n\r\n\r\n\r\n<figure class=\"wp-block-image size-large\"><img loading=\"lazy\" decoding=\"async\" width=\"980\" height=\"680\" data-id=\"278\" class=\"wp-image-278\" src=\"https:\/\/encyklopedia.mielec.pl\/wp-content\/uploads\/2022\/11\/bulwar001.jpg\" alt=\"\" srcset=\"https:\/\/encyklopedia.mielec.pl\/wp-content\/uploads\/2022\/11\/bulwar001.jpg 980w, https:\/\/encyklopedia.mielec.pl\/wp-content\/uploads\/2022\/11\/bulwar001-300x208.jpg 300w, https:\/\/encyklopedia.mielec.pl\/wp-content\/uploads\/2022\/11\/bulwar001-768x533.jpg 768w\" sizes=\"auto, (max-width: 980px) 100vw, 980px\" \/>\r\n<figcaption class=\"wp-element-caption\">Ci\u0105g pieszo-rowerowy na koronie wa\u0142u przeciwpowodziowego<\/figcaption>\r\n<\/figure>\r\n\r\n\r\n\r\n<figure class=\"wp-block-image size-large\"><img loading=\"lazy\" decoding=\"async\" width=\"980\" height=\"680\" data-id=\"277\" class=\"wp-image-277\" src=\"https:\/\/encyklopedia.mielec.pl\/wp-content\/uploads\/2022\/11\/bulwar002.jpg\" alt=\"\" srcset=\"https:\/\/encyklopedia.mielec.pl\/wp-content\/uploads\/2022\/11\/bulwar002.jpg 980w, https:\/\/encyklopedia.mielec.pl\/wp-content\/uploads\/2022\/11\/bulwar002-300x208.jpg 300w, https:\/\/encyklopedia.mielec.pl\/wp-content\/uploads\/2022\/11\/bulwar002-768x533.jpg 768w\" sizes=\"auto, (max-width: 980px) 100vw, 980px\" \/>\r\n<figcaption class=\"wp-element-caption\">Rzeka Wis\u0142oka<\/figcaption>\r\n<\/figure>\r\n\r\n\r\n\r\n<figure class=\"wp-block-image size-large\"><img loading=\"lazy\" decoding=\"async\" width=\"980\" height=\"680\" data-id=\"280\" class=\"wp-image-280\" src=\"https:\/\/encyklopedia.mielec.pl\/wp-content\/uploads\/2022\/11\/bulwar003.jpg\" alt=\"\" srcset=\"https:\/\/encyklopedia.mielec.pl\/wp-content\/uploads\/2022\/11\/bulwar003.jpg 980w, https:\/\/encyklopedia.mielec.pl\/wp-content\/uploads\/2022\/11\/bulwar003-300x208.jpg 300w, https:\/\/encyklopedia.mielec.pl\/wp-content\/uploads\/2022\/11\/bulwar003-768x533.jpg 768w\" sizes=\"auto, (max-width: 980px) 100vw, 980px\" \/>\r\n<figcaption class=\"wp-element-caption\">Bulwar w okolicy Parku Oborskich<\/figcaption>\r\n<\/figure>\r\n\r\n\r\n\r\n<figure class=\"wp-block-image size-large\"><img loading=\"lazy\" decoding=\"async\" width=\"980\" height=\"680\" data-id=\"283\" class=\"wp-image-283\" src=\"https:\/\/encyklopedia.mielec.pl\/wp-content\/uploads\/2022\/11\/bulwar004.jpg\" alt=\"\" srcset=\"https:\/\/encyklopedia.mielec.pl\/wp-content\/uploads\/2022\/11\/bulwar004.jpg 980w, https:\/\/encyklopedia.mielec.pl\/wp-content\/uploads\/2022\/11\/bulwar004-300x208.jpg 300w, https:\/\/encyklopedia.mielec.pl\/wp-content\/uploads\/2022\/11\/bulwar004-768x533.jpg 768w\" sizes=\"auto, (max-width: 980px) 100vw, 980px\" \/>\r\n<figcaption class=\"wp-element-caption\">Parking przy bulwarze<\/figcaption>\r\n<\/figure>\r\n\r\n\r\n\r\n<figure class=\"wp-block-image size-large\"><img loading=\"lazy\" decoding=\"async\" width=\"980\" height=\"680\" data-id=\"281\" class=\"wp-image-281\" src=\"https:\/\/encyklopedia.mielec.pl\/wp-content\/uploads\/2022\/11\/bulwar005.jpg\" alt=\"\" srcset=\"https:\/\/encyklopedia.mielec.pl\/wp-content\/uploads\/2022\/11\/bulwar005.jpg 980w, https:\/\/encyklopedia.mielec.pl\/wp-content\/uploads\/2022\/11\/bulwar005-300x208.jpg 300w, https:\/\/encyklopedia.mielec.pl\/wp-content\/uploads\/2022\/11\/bulwar005-768x533.jpg 768w\" sizes=\"auto, (max-width: 980px) 100vw, 980px\" \/>\r\n<figcaption class=\"wp-element-caption\">Bulwar w okolicy Parku Oborskich<\/figcaption>\r\n<\/figure>\r\n\r\n\r\n\r\n<figure class=\"wp-block-image size-large\"><img loading=\"lazy\" decoding=\"async\" width=\"980\" height=\"680\" data-id=\"279\" class=\"wp-image-279\" src=\"https:\/\/encyklopedia.mielec.pl\/wp-content\/uploads\/2022\/11\/dni000.jpg\" alt=\"\" srcset=\"https:\/\/encyklopedia.mielec.pl\/wp-content\/uploads\/2022\/11\/dni000.jpg 980w, https:\/\/encyklopedia.mielec.pl\/wp-content\/uploads\/2022\/11\/dni000-300x208.jpg 300w, https:\/\/encyklopedia.mielec.pl\/wp-content\/uploads\/2022\/11\/dni000-768x533.jpg 768w\" sizes=\"auto, (max-width: 980px) 100vw, 980px\" \/>\r\n<figcaption class=\"wp-element-caption\">Dni Mielca &#8211; \u201eSenior Show\u201d MUTW w Mielcu<\/figcaption>\r\n<\/figure>\r\n\r\n\r\n\r\n<figure class=\"wp-block-image size-large\"><img loading=\"lazy\" decoding=\"async\" width=\"980\" height=\"680\" data-id=\"282\" class=\"wp-image-282\" src=\"https:\/\/encyklopedia.mielec.pl\/wp-content\/uploads\/2022\/11\/dni001.jpg\" alt=\"\" srcset=\"https:\/\/encyklopedia.mielec.pl\/wp-content\/uploads\/2022\/11\/dni001.jpg 980w, https:\/\/encyklopedia.mielec.pl\/wp-content\/uploads\/2022\/11\/dni001-300x208.jpg 300w, https:\/\/encyklopedia.mielec.pl\/wp-content\/uploads\/2022\/11\/dni001-768x533.jpg 768w\" sizes=\"auto, (max-width: 980px) 100vw, 980px\" \/>\r\n<figcaption class=\"wp-element-caption\">Dni Mielca &#8211; Artur Barci\u015b i Cezary \u017bak<\/figcaption>\r\n<\/figure>\r\n\r\n\r\n\r\n<figure class=\"wp-block-image size-large\"><img loading=\"lazy\" decoding=\"async\" width=\"980\" height=\"680\" data-id=\"284\" class=\"wp-image-284\" src=\"https:\/\/encyklopedia.mielec.pl\/wp-content\/uploads\/2022\/11\/dni003.jpg\" alt=\"\" srcset=\"https:\/\/encyklopedia.mielec.pl\/wp-content\/uploads\/2022\/11\/dni003.jpg 980w, https:\/\/encyklopedia.mielec.pl\/wp-content\/uploads\/2022\/11\/dni003-300x208.jpg 300w, https:\/\/encyklopedia.mielec.pl\/wp-content\/uploads\/2022\/11\/dni003-768x533.jpg 768w\" sizes=\"auto, (max-width: 980px) 100vw, 980px\" \/>\r\n<figcaption class=\"wp-element-caption\">Dni Mielca &#8211; Zesp\u00f3\u0142 \u201eGolec uOrkiestra\u201d<\/figcaption>\r\n<\/figure>\r\n\r\n\r\n\r\n<figure class=\"wp-block-image size-large\"><img loading=\"lazy\" decoding=\"async\" width=\"980\" height=\"680\" data-id=\"285\" class=\"wp-image-285\" src=\"https:\/\/encyklopedia.mielec.pl\/wp-content\/uploads\/2022\/11\/dni004.jpg\" alt=\"\" srcset=\"https:\/\/encyklopedia.mielec.pl\/wp-content\/uploads\/2022\/11\/dni004.jpg 980w, https:\/\/encyklopedia.mielec.pl\/wp-content\/uploads\/2022\/11\/dni004-300x208.jpg 300w, https:\/\/encyklopedia.mielec.pl\/wp-content\/uploads\/2022\/11\/dni004-768x533.jpg 768w\" sizes=\"auto, (max-width: 980px) 100vw, 980px\" \/>\r\n<figcaption class=\"wp-element-caption\">Dni Mielca &#8211; publiczno\u015b\u0107<\/figcaption>\r\n<\/figure>\r\n\r\n\r\n\r\n<figure class=\"wp-block-image size-large\"><img loading=\"lazy\" decoding=\"async\" width=\"980\" height=\"680\" data-id=\"287\" class=\"wp-image-287\" src=\"https:\/\/encyklopedia.mielec.pl\/wp-content\/uploads\/2022\/11\/lau001.jpg\" alt=\"\" srcset=\"https:\/\/encyklopedia.mielec.pl\/wp-content\/uploads\/2022\/11\/lau001.jpg 980w, https:\/\/encyklopedia.mielec.pl\/wp-content\/uploads\/2022\/11\/lau001-300x208.jpg 300w, https:\/\/encyklopedia.mielec.pl\/wp-content\/uploads\/2022\/11\/lau001-768x533.jpg 768w\" sizes=\"auto, (max-width: 980px) 100vw, 980px\" \/>\r\n<figcaption class=\"wp-element-caption\">Prezydent Janusz Chodorowski otrzymuje Polskie God\u0142o Promocyjne \u201eTeraz Polska\u201d dla miasta Mielca (2009)<\/figcaption>\r\n<\/figure>\r\n\r\n\r\n\r\n<figure class=\"wp-block-image size-large\"><img loading=\"lazy\" decoding=\"async\" width=\"980\" height=\"680\" data-id=\"288\" class=\"wp-image-288\" src=\"https:\/\/encyklopedia.mielec.pl\/wp-content\/uploads\/2022\/11\/lau002.jpg\" alt=\"\" srcset=\"https:\/\/encyklopedia.mielec.pl\/wp-content\/uploads\/2022\/11\/lau002.jpg 980w, https:\/\/encyklopedia.mielec.pl\/wp-content\/uploads\/2022\/11\/lau002-300x208.jpg 300w, https:\/\/encyklopedia.mielec.pl\/wp-content\/uploads\/2022\/11\/lau002-768x533.jpg 768w\" sizes=\"auto, (max-width: 980px) 100vw, 980px\" \/>\r\n<figcaption class=\"wp-element-caption\">Prezydent Janusz Chodorowski (drugi od prawej) w\u015br\u00f3d przedstawicieli miast \u2013 laureat\u00f3w<\/figcaption>\r\n<\/figure>\r\n\r\n\r\n\r\n<figure class=\"wp-block-image size-large\"><img loading=\"lazy\" decoding=\"async\" width=\"980\" height=\"680\" data-id=\"286\" class=\"wp-image-286\" src=\"https:\/\/encyklopedia.mielec.pl\/wp-content\/uploads\/2022\/11\/lau003.jpg\" alt=\"\" srcset=\"https:\/\/encyklopedia.mielec.pl\/wp-content\/uploads\/2022\/11\/lau003.jpg 980w, https:\/\/encyklopedia.mielec.pl\/wp-content\/uploads\/2022\/11\/lau003-300x208.jpg 300w, https:\/\/encyklopedia.mielec.pl\/wp-content\/uploads\/2022\/11\/lau003-768x533.jpg 768w\" sizes=\"auto, (max-width: 980px) 100vw, 980px\" \/>\r\n<figcaption class=\"wp-element-caption\">Prezydent Janusz Chodorowski otrzymuje Z\u0142ot\u0105 Statuetk\u0119 za I miejsce Mielca w Konkursie \u201eSamorz\u0105d Przyjazny Przedsi\u0119biorczo\u015bci\u201d (2011)<\/figcaption>\r\n<\/figure>\r\n\r\n\r\n\r\n<figure class=\"wp-block-image size-large\"><img loading=\"lazy\" decoding=\"async\" width=\"980\" height=\"680\" data-id=\"291\" class=\"wp-image-291\" src=\"https:\/\/encyklopedia.mielec.pl\/wp-content\/uploads\/2022\/11\/m4001.jpg\" alt=\"\" srcset=\"https:\/\/encyklopedia.mielec.pl\/wp-content\/uploads\/2022\/11\/m4001.jpg 980w, https:\/\/encyklopedia.mielec.pl\/wp-content\/uploads\/2022\/11\/m4001-300x208.jpg 300w, https:\/\/encyklopedia.mielec.pl\/wp-content\/uploads\/2022\/11\/m4001-768x533.jpg 768w\" sizes=\"auto, (max-width: 980px) 100vw, 980px\" \/>\r\n<figcaption class=\"wp-element-caption\">M-4 (Moje Miasto, Moje Miejsce VIII edycja pod has\u0142em Laury Mielca \u201eRekreacja\u201d (2013) &#8211; Teatr<\/figcaption>\r\n<\/figure>\r\n\r\n\r\n\r\n<figure class=\"wp-block-image size-large\"><img loading=\"lazy\" decoding=\"async\" width=\"980\" height=\"680\" data-id=\"290\" class=\"wp-image-290\" src=\"https:\/\/encyklopedia.mielec.pl\/wp-content\/uploads\/2022\/11\/m4002.jpg\" alt=\"\" srcset=\"https:\/\/encyklopedia.mielec.pl\/wp-content\/uploads\/2022\/11\/m4002.jpg 980w, https:\/\/encyklopedia.mielec.pl\/wp-content\/uploads\/2022\/11\/m4002-300x208.jpg 300w, https:\/\/encyklopedia.mielec.pl\/wp-content\/uploads\/2022\/11\/m4002-768x533.jpg 768w\" sizes=\"auto, (max-width: 980px) 100vw, 980px\" \/>\r\n<figcaption class=\"wp-element-caption\">M-4 (Moje Miasto, Moje Miejsce VIII edycja pod has\u0142em Laury Mielca \u201eRekreacja\u201d (2013) &#8211; Sztuki plastyczne<\/figcaption>\r\n<\/figure>\r\n\r\n\r\n\r\n<figure class=\"wp-block-image size-large\"><img loading=\"lazy\" decoding=\"async\" width=\"980\" height=\"680\" data-id=\"289\" class=\"wp-image-289\" src=\"https:\/\/encyklopedia.mielec.pl\/wp-content\/uploads\/2022\/11\/m4003.jpg\" alt=\"\" srcset=\"https:\/\/encyklopedia.mielec.pl\/wp-content\/uploads\/2022\/11\/m4003.jpg 980w, https:\/\/encyklopedia.mielec.pl\/wp-content\/uploads\/2022\/11\/m4003-300x208.jpg 300w, https:\/\/encyklopedia.mielec.pl\/wp-content\/uploads\/2022\/11\/m4003-768x533.jpg 768w\" sizes=\"auto, (max-width: 980px) 100vw, 980px\" \/>\r\n<figcaption class=\"wp-element-caption\">M-4 (Moje Miasto, Moje Miejsce VIII edycja pod has\u0142em Laury Mielca \u201eRekreacja\u201d (2013) &#8211; Zabawa<\/figcaption>\r\n<\/figure>\r\n\r\n\r\n\r\n<figure class=\"wp-block-image size-large\"><img loading=\"lazy\" decoding=\"async\" width=\"980\" height=\"680\" data-id=\"292\" class=\"wp-image-292\" src=\"https:\/\/encyklopedia.mielec.pl\/wp-content\/uploads\/2022\/11\/m4004.jpg\" alt=\"\" srcset=\"https:\/\/encyklopedia.mielec.pl\/wp-content\/uploads\/2022\/11\/m4004.jpg 980w, https:\/\/encyklopedia.mielec.pl\/wp-content\/uploads\/2022\/11\/m4004-300x208.jpg 300w, https:\/\/encyklopedia.mielec.pl\/wp-content\/uploads\/2022\/11\/m4004-768x533.jpg 768w\" sizes=\"auto, (max-width: 980px) 100vw, 980px\" \/>\r\n<figcaption class=\"wp-element-caption\">M-4 (Moje Miasto, Moje Miejsce VIII edycja pod has\u0142em Laury Mielca \u201eRekreacja\u201d (2013) &#8211; Muzyka<\/figcaption>\r\n<\/figure>\r\n\r\n\r\n\r\n<figure class=\"wp-block-image size-large\"><img loading=\"lazy\" decoding=\"async\" width=\"980\" height=\"680\" data-id=\"295\" class=\"wp-image-295\" src=\"https:\/\/encyklopedia.mielec.pl\/wp-content\/uploads\/2022\/11\/mbpm001.jpg\" alt=\"\" srcset=\"https:\/\/encyklopedia.mielec.pl\/wp-content\/uploads\/2022\/11\/mbpm001.jpg 980w, https:\/\/encyklopedia.mielec.pl\/wp-content\/uploads\/2022\/11\/mbpm001-300x208.jpg 300w, https:\/\/encyklopedia.mielec.pl\/wp-content\/uploads\/2022\/11\/mbpm001-768x533.jpg 768w\" sizes=\"auto, (max-width: 980px) 100vw, 980px\" \/>\r\n<figcaption class=\"wp-element-caption\">Obraz Matki Bo\u017cej Nieustaj\u0105cej Pomocy z ko\u015bcio\u0142a pod Jej wezwaniem<\/figcaption>\r\n<\/figure>\r\n\r\n\r\n\r\n<figure class=\"wp-block-image size-large\"><img loading=\"lazy\" decoding=\"async\" width=\"980\" height=\"680\" data-id=\"293\" class=\"wp-image-293\" src=\"https:\/\/encyklopedia.mielec.pl\/wp-content\/uploads\/2022\/11\/mbpm002.jpg\" alt=\"\" srcset=\"https:\/\/encyklopedia.mielec.pl\/wp-content\/uploads\/2022\/11\/mbpm002.jpg 980w, https:\/\/encyklopedia.mielec.pl\/wp-content\/uploads\/2022\/11\/mbpm002-300x208.jpg 300w, https:\/\/encyklopedia.mielec.pl\/wp-content\/uploads\/2022\/11\/mbpm002-768x533.jpg 768w\" sizes=\"auto, (max-width: 980px) 100vw, 980px\" \/>\r\n<figcaption class=\"wp-element-caption\">Uroczysta sesja Rady Miejskiej po\u015bwi\u0119cona obwo\u0142aniu Matki Bo\u017cej Nieustaj\u0105cej Pomocy patronk\u0105 miasta Mielca (2011)<\/figcaption>\r\n<\/figure>\r\n\r\n\r\n\r\n<figure class=\"wp-block-image size-large\"><img loading=\"lazy\" decoding=\"async\" width=\"980\" height=\"680\" data-id=\"294\" class=\"wp-image-294\" src=\"https:\/\/encyklopedia.mielec.pl\/wp-content\/uploads\/2022\/11\/mbpm003.jpg\" alt=\"\" srcset=\"https:\/\/encyklopedia.mielec.pl\/wp-content\/uploads\/2022\/11\/mbpm003.jpg 980w, https:\/\/encyklopedia.mielec.pl\/wp-content\/uploads\/2022\/11\/mbpm003-300x208.jpg 300w, https:\/\/encyklopedia.mielec.pl\/wp-content\/uploads\/2022\/11\/mbpm003-768x533.jpg 768w\" sizes=\"auto, (max-width: 980px) 100vw, 980px\" \/>\r\n<figcaption class=\"wp-element-caption\">Biskup ordynariusz Wiktor Skworc wr\u0119cza prezydentowi Mielca Januszowi Chodorowskiemu akt nadania patronatu<\/figcaption>\r\n<\/figure>\r\n\r\n\r\n\r\n<figure class=\"wp-block-image size-large\"><img loading=\"lazy\" decoding=\"async\" width=\"980\" height=\"680\" data-id=\"298\" class=\"wp-image-298\" src=\"https:\/\/encyklopedia.mielec.pl\/wp-content\/uploads\/2022\/11\/mbpm004.jpg\" alt=\"\" srcset=\"https:\/\/encyklopedia.mielec.pl\/wp-content\/uploads\/2022\/11\/mbpm004.jpg 980w, https:\/\/encyklopedia.mielec.pl\/wp-content\/uploads\/2022\/11\/mbpm004-300x208.jpg 300w, https:\/\/encyklopedia.mielec.pl\/wp-content\/uploads\/2022\/11\/mbpm004-768x533.jpg 768w\" sizes=\"auto, (max-width: 980px) 100vw, 980px\" \/>\r\n<figcaption class=\"wp-element-caption\">Uroczysta Msza \u015awi\u0119ta, w czasie kt\u00f3rej biskup ordynariusz Wiktor Skworc og\u0142osi\u0142 patronat Matki Bo\u017cej Nieustaj\u0105cej Pomocy nad Mielcem<\/figcaption>\r\n<\/figure>\r\n\r\n\r\n\r\n<figure class=\"wp-block-image size-large\"><img loading=\"lazy\" decoding=\"async\" width=\"980\" height=\"680\" data-id=\"296\" class=\"wp-image-296\" src=\"https:\/\/encyklopedia.mielec.pl\/wp-content\/uploads\/2022\/11\/mfnt001.jpg\" alt=\"\" srcset=\"https:\/\/encyklopedia.mielec.pl\/wp-content\/uploads\/2022\/11\/mfnt001.jpg 980w, https:\/\/encyklopedia.mielec.pl\/wp-content\/uploads\/2022\/11\/mfnt001-300x208.jpg 300w, https:\/\/encyklopedia.mielec.pl\/wp-content\/uploads\/2022\/11\/mfnt001-768x533.jpg 768w\" sizes=\"auto, (max-width: 980px) 100vw, 980px\" \/>\r\n<figcaption class=\"wp-element-caption\">Mielecki Festiwal Nauki i Techniki &#8211; Stoisko AGH Krak\u00f3w<\/figcaption>\r\n<\/figure>\r\n\r\n\r\n\r\n<figure class=\"wp-block-image size-large\"><img loading=\"lazy\" decoding=\"async\" width=\"980\" height=\"680\" data-id=\"297\" class=\"wp-image-297\" src=\"https:\/\/encyklopedia.mielec.pl\/wp-content\/uploads\/2022\/11\/mfnt002.jpg\" alt=\"\" srcset=\"https:\/\/encyklopedia.mielec.pl\/wp-content\/uploads\/2022\/11\/mfnt002.jpg 980w, https:\/\/encyklopedia.mielec.pl\/wp-content\/uploads\/2022\/11\/mfnt002-300x208.jpg 300w, https:\/\/encyklopedia.mielec.pl\/wp-content\/uploads\/2022\/11\/mfnt002-768x533.jpg 768w\" sizes=\"auto, (max-width: 980px) 100vw, 980px\" \/>\r\n<figcaption class=\"wp-element-caption\">Mielecki Festiwal Nauki i Techniki &#8211; Centrum Nauki Kopernik Warszawa &#8211; Pokaz \u201cNiskie temperatury&#8221;<\/figcaption>\r\n<\/figure>\r\n\r\n\r\n\r\n<figure class=\"wp-block-image size-large\"><img loading=\"lazy\" decoding=\"async\" width=\"980\" height=\"680\" data-id=\"299\" class=\"wp-image-299\" src=\"https:\/\/encyklopedia.mielec.pl\/wp-content\/uploads\/2022\/11\/rynmie001.jpg\" alt=\"\" srcset=\"https:\/\/encyklopedia.mielec.pl\/wp-content\/uploads\/2022\/11\/rynmie001.jpg 980w, https:\/\/encyklopedia.mielec.pl\/wp-content\/uploads\/2022\/11\/rynmie001-300x208.jpg 300w, https:\/\/encyklopedia.mielec.pl\/wp-content\/uploads\/2022\/11\/rynmie001-768x533.jpg 768w\" sizes=\"auto, (max-width: 980px) 100vw, 980px\" \/>\r\n<figcaption class=\"wp-element-caption\">Rynek w czasie uroczysto\u015bci otwarcia (2011)<\/figcaption>\r\n<\/figure>\r\n\r\n\r\n\r\n<figure class=\"wp-block-image size-large\"><img loading=\"lazy\" decoding=\"async\" width=\"980\" height=\"680\" data-id=\"300\" class=\"wp-image-300\" src=\"https:\/\/encyklopedia.mielec.pl\/wp-content\/uploads\/2022\/11\/rynmie002.jpg\" alt=\"\" srcset=\"https:\/\/encyklopedia.mielec.pl\/wp-content\/uploads\/2022\/11\/rynmie002.jpg 980w, https:\/\/encyklopedia.mielec.pl\/wp-content\/uploads\/2022\/11\/rynmie002-300x208.jpg 300w, https:\/\/encyklopedia.mielec.pl\/wp-content\/uploads\/2022\/11\/rynmie002-768x533.jpg 768w\" sizes=\"auto, (max-width: 980px) 100vw, 980px\" \/>\r\n<figcaption class=\"wp-element-caption\">Rynek \u2013 uroczysto\u015b\u0107 otwarcia &#8211; Przewodnicz\u0105cy Rady Miejskiej Jan My\u015bliwiec dzi\u0119kuje za przekazanie symboli w\u0142adzy<\/figcaption>\r\n<\/figure>\r\n\r\n\r\n\r\n<figure class=\"wp-block-image size-large\"><img loading=\"lazy\" decoding=\"async\" width=\"980\" height=\"680\" data-id=\"301\" class=\"wp-image-301\" src=\"https:\/\/encyklopedia.mielec.pl\/wp-content\/uploads\/2022\/11\/rynmie003.jpg\" alt=\"\" srcset=\"https:\/\/encyklopedia.mielec.pl\/wp-content\/uploads\/2022\/11\/rynmie003.jpg 980w, https:\/\/encyklopedia.mielec.pl\/wp-content\/uploads\/2022\/11\/rynmie003-300x208.jpg 300w, https:\/\/encyklopedia.mielec.pl\/wp-content\/uploads\/2022\/11\/rynmie003-768x533.jpg 768w\" sizes=\"auto, (max-width: 980px) 100vw, 980px\" \/>\r\n<figcaption class=\"wp-element-caption\">Kr\u00f3l Kazimierz Jagiello\u0144czyk przekazuje symbole w\u0142adzy prezydentowi Mielca Januszowi Chodorowskiemu i przewodnicz\u0105cemu Rady Miejskiej Janowi My\u015bliwcowi<\/figcaption>\r\n<\/figure>\r\n\r\n\r\n\r\n<figure class=\"wp-block-image size-large\"><img loading=\"lazy\" decoding=\"async\" width=\"980\" height=\"680\" data-id=\"305\" class=\"wp-image-305\" src=\"https:\/\/encyklopedia.mielec.pl\/wp-content\/uploads\/2022\/11\/rynmie004.jpg\" alt=\"\" srcset=\"https:\/\/encyklopedia.mielec.pl\/wp-content\/uploads\/2022\/11\/rynmie004.jpg 980w, https:\/\/encyklopedia.mielec.pl\/wp-content\/uploads\/2022\/11\/rynmie004-300x208.jpg 300w, https:\/\/encyklopedia.mielec.pl\/wp-content\/uploads\/2022\/11\/rynmie004-768x533.jpg 768w\" sizes=\"auto, (max-width: 980px) 100vw, 980px\" \/>\r\n<figcaption class=\"wp-element-caption\">Rynek &#8211; cz\u0119\u015b\u0107 p\u00f3\u0142nocno-wschodnia<\/figcaption>\r\n<\/figure>\r\n\r\n\r\n\r\n<figure class=\"wp-block-image size-large\"><img loading=\"lazy\" decoding=\"async\" width=\"980\" height=\"680\" data-id=\"302\" class=\"wp-image-302\" src=\"https:\/\/encyklopedia.mielec.pl\/wp-content\/uploads\/2022\/11\/rynmie005.jpg\" alt=\"\" srcset=\"https:\/\/encyklopedia.mielec.pl\/wp-content\/uploads\/2022\/11\/rynmie005.jpg 980w, https:\/\/encyklopedia.mielec.pl\/wp-content\/uploads\/2022\/11\/rynmie005-300x208.jpg 300w, https:\/\/encyklopedia.mielec.pl\/wp-content\/uploads\/2022\/11\/rynmie005-768x533.jpg 768w\" sizes=\"auto, (max-width: 980px) 100vw, 980px\" \/>\r\n<figcaption class=\"wp-element-caption\">Cz\u0119\u015b\u0107 po\u0142udniowo-wschodnia<\/figcaption>\r\n<\/figure>\r\n\r\n\r\n\r\n<figure class=\"wp-block-image size-large\"><img loading=\"lazy\" decoding=\"async\" width=\"980\" height=\"680\" data-id=\"306\" class=\"wp-image-306\" src=\"https:\/\/encyklopedia.mielec.pl\/wp-content\/uploads\/2022\/11\/rynmie006.jpg\" alt=\"\" srcset=\"https:\/\/encyklopedia.mielec.pl\/wp-content\/uploads\/2022\/11\/rynmie006.jpg 980w, https:\/\/encyklopedia.mielec.pl\/wp-content\/uploads\/2022\/11\/rynmie006-300x208.jpg 300w, https:\/\/encyklopedia.mielec.pl\/wp-content\/uploads\/2022\/11\/rynmie006-768x533.jpg 768w\" sizes=\"auto, (max-width: 980px) 100vw, 980px\" \/>\r\n<figcaption class=\"wp-element-caption\">Fragment pierzei p\u00f3\u0142nocnej<\/figcaption>\r\n<\/figure>\r\n\r\n\r\n\r\n<figure class=\"wp-block-image size-large\"><img loading=\"lazy\" decoding=\"async\" width=\"980\" height=\"680\" data-id=\"304\" class=\"wp-image-304\" src=\"https:\/\/encyklopedia.mielec.pl\/wp-content\/uploads\/2022\/11\/rynmie008.jpg\" alt=\"\" srcset=\"https:\/\/encyklopedia.mielec.pl\/wp-content\/uploads\/2022\/11\/rynmie008.jpg 980w, https:\/\/encyklopedia.mielec.pl\/wp-content\/uploads\/2022\/11\/rynmie008-300x208.jpg 300w, https:\/\/encyklopedia.mielec.pl\/wp-content\/uploads\/2022\/11\/rynmie008-768x533.jpg 768w\" sizes=\"auto, (max-width: 980px) 100vw, 980px\" \/>\r\n<figcaption class=\"wp-element-caption\">Cz\u0119\u015b\u0107 p\u00f3\u0142nocno-zachodnia<\/figcaption>\r\n<\/figure>\r\n\r\n\r\n\r\n<figure class=\"wp-block-image size-large\"><img loading=\"lazy\" decoding=\"async\" width=\"980\" height=\"680\" data-id=\"303\" class=\"wp-image-303\" src=\"https:\/\/encyklopedia.mielec.pl\/wp-content\/uploads\/2022\/11\/rynmie009.jpg\" alt=\"\" srcset=\"https:\/\/encyklopedia.mielec.pl\/wp-content\/uploads\/2022\/11\/rynmie009.jpg 980w, https:\/\/encyklopedia.mielec.pl\/wp-content\/uploads\/2022\/11\/rynmie009-300x208.jpg 300w, https:\/\/encyklopedia.mielec.pl\/wp-content\/uploads\/2022\/11\/rynmie009-768x533.jpg 768w\" sizes=\"auto, (max-width: 980px) 100vw, 980px\" \/>\r\n<figcaption class=\"wp-element-caption\">Rynek w \u015bwi\u0105tecznej szacie<\/figcaption>\r\n<\/figure>\r\n<\/figure>\r\n","protected":false},"excerpt":{"rendered":"","protected":false},"author":1,"featured_media":0,"parent":0,"menu_order":0,"comment_status":"closed","ping_status":"closed","template":"","meta":{"footnotes":""},"class_list":["post-251","page","type-page","status-publish","hentry"],"_links":{"self":[{"href":"https:\/\/encyklopedia.mielec.pl\/index.php?rest_route=\/wp\/v2\/pages\/251","targetHints":{"allow":["GET"]}}],"collection":[{"href":"https:\/\/encyklopedia.mielec.pl\/index.php?rest_route=\/wp\/v2\/pages"}],"about":[{"href":"https:\/\/encyklopedia.mielec.pl\/index.php?rest_route=\/wp\/v2\/types\/page"}],"author":[{"embeddable":true,"href":"https:\/\/encyklopedia.mielec.pl\/index.php?rest_route=\/wp\/v2\/users\/1"}],"replies":[{"embeddable":true,"href":"https:\/\/encyklopedia.mielec.pl\/index.php?rest_route=%2Fwp%2Fv2%2Fcomments&post=251"}],"version-history":[{"count":0,"href":"https:\/\/encyklopedia.mielec.pl\/index.php?rest_route=\/wp\/v2\/pages\/251\/revisions"}],"wp:attachment":[{"href":"https:\/\/encyklopedia.mielec.pl\/index.php?rest_route=%2Fwp%2Fv2%2Fmedia&parent=251"}],"curies":[{"name":"wp","href":"https:\/\/api.w.org\/{rel}","templated":true}]}}